{"id":1482,"date":"2019-03-19T17:24:48","date_gmt":"2019-03-19T16:24:48","guid":{"rendered":"https:\/\/www.festivalcc.pl\/?page_id=1482"},"modified":"2019-04-03T11:23:26","modified_gmt":"2019-04-03T09:23:26","slug":"onas","status":"publish","type":"page","link":"https:\/\/www.festivalcc.pl\/2019\/onas","title":{"rendered":"O nas"},"content":{"rendered":"<div class=\"vc_row wpb_row vc_row-fluid\"><div class=\"wpb_column vc_column_container vc_col-sm-12\"><div class=\"vc_column-inner\"><div class=\"wpb_wrapper\">\n\t<div class=\"wpb_text_column wpb_content_element \" >\n\t\t<div class=\"wpb_wrapper\">\n\t\t\t<p>Organizuj\u0105c <strong>CUSTOMER CARE FESTIVAL<\/strong> postanowili\u015bmy po\u0142\u0105czy\u0107 si\u0142y i stworzy\u0107 jedno, niepowtarzalne wydarzenie, kt\u00f3re po\u0142\u0105czy \u015bwiat obs\u0142ugi klienta w biznesu, ze \u015bwiatem obs\u0142ugi klienta w urz\u0119dzie.<\/p>\n\n\t\t<\/div>\n\t<\/div>\n<\/div><\/div><\/div><\/div><div class=\"vc_row wpb_row vc_row-fluid\"><div class=\"wpb_column vc_column_container vc_col-sm-3\"><div class=\"vc_column-inner\"><div class=\"wpb_wrapper\"><div class=\"vc_empty_space\"   style=\"height: 30px\" ><span class=\"vc_empty_space_inner\"><\/span><\/div>\n\n\t<div  class=\"wpb_single_image wpb_content_element vc_align_center\">\n\t\t\n\t\t<figure class=\"wpb_wrapper vc_figure\">\n\t\t\t<div class=\"vc_single_image-wrapper   vc_box_border_grey\"><img width=\"300\" height=\"200\" src=\"https:\/\/www.festivalcc.pl\/2019\/wp-content\/uploads\/2019\/03\/logo_ccnews-1.png\" class=\"vc_single_image-img attachment-full\" alt=\"\" loading=\"lazy\" \/><\/div>\n\t\t<\/figure>\n\t<\/div>\n<\/div><\/div><\/div><div class=\"wpb_column vc_column_container vc_col-sm-9\"><div class=\"vc_column-inner\"><div class=\"wpb_wrapper\">\n\t<div class=\"wpb_text_column wpb_content_element \" >\n\t\t<div class=\"wpb_wrapper\">\n\t\t\t<p style=\"text-align: left;\"><strong>BELOCAL POLSKA Sp. z o.o.<\/strong><br \/>\n<em>Wydawca bran\u017cowego portalu CCNEWS.pl<\/em><\/p>\n\n\t\t<\/div>\n\t<\/div>\n\n\t<div class=\"wpb_text_column wpb_content_element \" >\n\t\t<div class=\"wpb_wrapper\">\n\t\t\t<p>CCNEWS.pl to jedyny specjalistyczny newsowo-publicystyczny wortal internetowy w Polsce w ca\u0142o\u015bci po\u015bwi\u0119cony zagadnieniom zwi\u0105zanym z obs\u0142ug\u0105 klienta, customer services, omnichannel, customer experience i technologiom wykorzystywanym przez centra obs\u0142ugi klienta. Informuje, edukuje i komentuje aktualne trendy i wydarzenia na Polskim rynku CC.<\/p>\n<p>Od ponad 12 lat dostarcza warto\u015bciow\u0105 wiedz\u0119 o polskim rynku CC i BPO.<\/p>\n<p>Zdaniem niezale\u017cnych instytut\u00f3w badawczych: Instytut Monitorowania Medi\u00f3w oraz Press Service Monitoring Medi\u00f3w jeste\u015bmy najch\u0119tniej czytanym i najbardziej anga\u017cuj\u0105cym swoich czytelnik\u00f3w portalem bran\u017cowym (bran\u017cy customer care) w Polsce.<\/p>\n<p>Wi\u0119cej na: <a href=\"http:\/\/www.ccnews.pl\" target=\"_blank\" rel=\"noopener noreferrer\">http:\/\/www.ccnews.pl<\/a><\/p>\n\n\t\t<\/div>\n\t<\/div>\n<div class=\"vc_empty_space\"   style=\"height: 100px\" ><span class=\"vc_empty_space_inner\"><\/span><\/div>\n<\/div><\/div><\/div><\/div><div class=\"vc_row wpb_row vc_row-fluid\"><div class=\"wpb_column vc_column_container vc_col-sm-3\"><div class=\"vc_column-inner\"><div class=\"wpb_wrapper\"><div class=\"vc_empty_space\"   style=\"height: 30px\" ><span class=\"vc_empty_space_inner\"><\/span><\/div>\n\n\t<div  class=\"wpb_single_image wpb_content_element vc_align_center\">\n\t\t\n\t\t<figure class=\"wpb_wrapper vc_figure\">\n\t\t\t<div class=\"vc_single_image-wrapper   vc_box_border_grey\"><img width=\"300\" height=\"200\" src=\"https:\/\/www.festivalcc.pl\/2019\/wp-content\/uploads\/2019\/03\/logo_evention.png\" class=\"vc_single_image-img attachment-full\" alt=\"\" loading=\"lazy\" \/><\/div>\n\t\t<\/figure>\n\t<\/div>\n<\/div><\/div><\/div><div class=\"wpb_column vc_column_container vc_col-sm-9\"><div class=\"vc_column-inner\"><div class=\"wpb_wrapper\">\n\t<div class=\"wpb_text_column wpb_content_element \" >\n\t\t<div class=\"wpb_wrapper\">\n\t\t\t<p style=\"text-align: left;\"><strong>Evention Sp. z o.o.<\/strong><\/p>\n\n\t\t<\/div>\n\t<\/div>\n\n\t<div class=\"wpb_text_column wpb_content_element \" >\n\t\t<div class=\"wpb_wrapper\">\n\t\t\t<p>Evention to firma specjalizuj\u0105ca si\u0119 w podnoszeniu warto\u015bci spotka\u0144 biznesowych na styku technologii z biznesem, znana g\u0142\u00f3wnie jako organizator w\u0142asnych konferencji w tym m.in. konferencji \u201eKlient w urz\u0119dzie\u201d &#8211; o nowoczesnej i sprawnej obs\u0142udze interesant\u00f3w, organizowanej od 2014 roku przy wsp\u00f3\u0142organizacji z UM Poznania, UM Gda\u0144ska, UM Warszawy, UM Wroc\u0142awia oraz UM \u0141odzi.<\/p>\n<p>W Evention wydarzenia biznesowe traktowane s\u0105 jako integralny i trudny do zast\u0105pienia element budowania relacji i poprawy efektywno\u015bci tych relacji pomi\u0119dzy firmami i tworz\u0105cymi je lud\u017ami. Podczas swoich wydarze\u0144 firma stawia na innowacyjne formy realizacji spotka\u0144, tak by odpowiada\u0142o to obecnym aspiracjom, oczekiwaniom i potrzebom uczestnik\u00f3w.<\/p>\n<p>Wi\u0119cej na: <a href=\"http:\/\/www.evention.pl\/\">www.evention.pl<\/a><\/p>\n\n\t\t<\/div>\n\t<\/div>\n<div class=\"vc_empty_space\"   style=\"height: 100px\" ><span class=\"vc_empty_space_inner\"><\/span><\/div>\n<\/div><\/div><\/div><\/div><div class=\"vc_row wpb_row vc_row-fluid\"><div class=\"wpb_column vc_column_container vc_col-sm-3\"><div class=\"vc_column-inner\"><div class=\"wpb_wrapper\"><div class=\"vc_empty_space\"   style=\"height: 30px\" ><span class=\"vc_empty_space_inner\"><\/span><\/div>\n\n\t<div  class=\"wpb_single_image wpb_content_element vc_align_center\">\n\t\t\n\t\t<figure class=\"wpb_wrapper vc_figure\">\n\t\t\t<div class=\"vc_single_image-wrapper   vc_box_border_grey\"><img width=\"300\" height=\"200\" src=\"https:\/\/www.festivalcc.pl\/2019\/wp-content\/uploads\/2019\/03\/logo_mbmpoland.png\" class=\"vc_single_image-img attachment-full\" alt=\"\" loading=\"lazy\" \/><\/div>\n\t\t<\/figure>\n\t<\/div>\n<\/div><\/div><\/div><div class=\"wpb_column vc_column_container vc_col-sm-9\"><div class=\"vc_column-inner\"><div class=\"wpb_wrapper\">\n\t<div class=\"wpb_text_column wpb_content_element \" >\n\t\t<div class=\"wpb_wrapper\">\n\t\t\t<p style=\"text-align: left;\"><strong>MASTER.BUSINESS.MEETINGS. &#8211; M.B.M. POLAND<\/strong><\/p>\n\n\t\t<\/div>\n\t<\/div>\n\n\t<div class=\"wpb_text_column wpb_content_element \" >\n\t\t<div class=\"wpb_wrapper\">\n\t\t\t<p>Master. Business. Meetings. \u00a0to przede wszystkim ludzie. Jako zesp\u00f3\u0142 z pasj\u0105 organizujemy business meetings typu Master Class skierowane do praktyk\u00f3w. Naszym celem jest satysfakcja klienta, kt\u00f3r\u0105 odbieramy jako najwy\u017csz\u0105 form\u0119 zap\u0142aty. Spotkania organizowane przez M.B.M. Poland s\u0105 praktyczn\u0105 odpowiedzi\u0105 grona profesjonalist\u00f3w na pytania nurtuj\u0105ce specjalist\u00f3w i praktyk\u00f3w z danego tematu.<\/p>\n<p>Wydarzenia organizowane przez nas s\u0105 przede wszystkim miejscem konfrontacji wiedzy i benchmarku w\u0142asnych praktyk stosowanych w organizacjach.<\/p>\n<p>Wi\u0119cej na: <a href=\"http:\/\/www.mbmpoland.com\" target=\"_blank\" rel=\"noopener noreferrer\">http:\/\/www.mbmpoland.com\u00a0<\/a><\/p>\n\n\t\t<\/div>\n\t<\/div>\n<div class=\"vc_empty_space\"   style=\"height: 100px\" ><span class=\"vc_empty_space_inner\"><\/span><\/div>\n<\/div><\/div><\/div><\/div><div class=\"vc_row wpb_row vc_row-fluid\"><div class=\"wpb_column vc_column_container vc_col-sm-4\"><div class=\"vc_column-inner\"><div class=\"wpb_wrapper\">\n\t<div  class=\"wpb_single_image wpb_content_element vc_align_left\">\n\t\t\n\t\t<figure class=\"wpb_wrapper vc_figure\">\n\t\t\t<div class=\"vc_single_image-wrapper vc_box_shadow_3d  vc_box_border_grey\"><img class=\"vc_single_image-img \" src=\"https:\/\/www.festivalcc.pl\/2019\/wp-content\/uploads\/2019\/03\/prelegent_kbancerz-200x200.jpg\" width=\"200\" height=\"200\" alt=\"prelegent_kbancerz\" title=\"prelegent_kbancerz\" \/><\/div>\n\t\t<\/figure>\n\t<\/div>\n<p style=\"font-size: 14px;text-align: left;font-family:Roboto;font-weight:500;font-style:normal\" class=\"vc_custom_heading vc_custom_1553069693432\" >Karol Bancerz<\/p>\n\t<div class=\"wpb_text_column wpb_content_element \" >\n\t\t<div class=\"wpb_wrapper\">\n\t\t\t<p>Wsp\u00f3\u0142praca merytoryczna .BIZ<br \/>\nm: +48 790 759 066<br \/>\ne: <a class=\"mailto-link mail-link\" href=\"mailto:kb@festivalcc.pl\" data-enc-email=\"crtnz&#091;at&#093;riragvba.cy?fhowrpg=Cebtenz%20xbasrerapwv?\" data-wpel-link=\"ignore\"><span class=\"\">kb@festivalcc.pl<\/span><\/a><\/p>\n\n\t\t<\/div>\n\t<\/div>\n<\/div><\/div><\/div><div class=\"wpb_column vc_column_container vc_col-sm-4\"><div class=\"vc_column-inner\"><div class=\"wpb_wrapper\">\n\t<div  class=\"wpb_single_image wpb_content_element vc_align_left\">\n\t\t\n\t\t<figure class=\"wpb_wrapper vc_figure\">\n\t\t\t<div class=\"vc_single_image-wrapper vc_box_shadow_3d  vc_box_border_grey\"><img class=\"vc_single_image-img \" src=\"https:\/\/www.festivalcc.pl\/2019\/wp-content\/uploads\/2019\/03\/prelegent_pgamdzyk-200x200.png\" width=\"200\" height=\"200\" alt=\"prelegent_pgamdzyk\" title=\"prelegent_pgamdzyk\" \/><\/div>\n\t\t<\/figure>\n\t<\/div>\n<p style=\"font-size: 14px;text-align: left;font-family:Roboto;font-weight:500;font-style:normal\" class=\"vc_custom_heading vc_custom_1553069760596\" >Przemys\u0142aw Gamdzyk<\/p>\n\t<div class=\"wpb_text_column wpb_content_element \" >\n\t\t<div class=\"wpb_wrapper\">\n\t\t\t<p>Wsp\u00f3\u0142praca merytoryczna .GOV<br \/>\nm: +48 517 424 939<br \/>\ne: <a class=\"mailto-link mail-link\" data-enc-email=\"crtnz&#091;at&#093;riragvba.cy?fhowrpg=Cebtenz%20xbasrerapwv?\" data-wpel-link=\"ignore\"><span class=\"\">pegam@evention.pl<\/span><\/a><\/p>\n\n\t\t<\/div>\n\t<\/div>\n<\/div><\/div><\/div><div class=\"wpb_column vc_column_container vc_col-sm-4\"><div class=\"vc_column-inner\"><div class=\"wpb_wrapper\">\n\t<div  class=\"wpb_single_image wpb_content_element vc_align_left\">\n\t\t\n\t\t<figure class=\"wpb_wrapper vc_figure\">\n\t\t\t<div class=\"vc_single_image-wrapper vc_box_shadow_3d  vc_box_border_grey\"><img class=\"vc_single_image-img \" src=\"https:\/\/www.festivalcc.pl\/2019\/wp-content\/uploads\/2019\/03\/prelegent_ahakobyan-200x200.jpg\" width=\"200\" height=\"200\" alt=\"prelegent_ahakobyan\" title=\"prelegent_ahakobyan\" \/><\/div>\n\t\t<\/figure>\n\t<\/div>\n<p style=\"font-size: 14px;text-align: left;font-family:Roboto;font-weight:500;font-style:normal\" class=\"vc_custom_heading vc_custom_1553069768717\" >Aleksander Hakobyan<\/p>\n\t<div class=\"wpb_text_column wpb_content_element \" >\n\t\t<div class=\"wpb_wrapper\">\n\t\t\t<p>Obs\u0142uga go\u015bci<br \/>\nm: +48 795 580 683<br \/>\ne: <a href=\"mailto:ah@festivalcc.pl\">ah@festivalcc.pl<\/a><\/p>\n\n\t\t<\/div>\n\t<\/div>\n<\/div><\/div><\/div><\/div><div class=\"vc_row wpb_row vc_row-fluid\"><div class=\"wpb_column vc_column_container vc_col-sm-4\"><div class=\"vc_column-inner\"><div class=\"wpb_wrapper\">\n\t<div  class=\"wpb_single_image wpb_content_element vc_align_left\">\n\t\t\n\t\t<figure class=\"wpb_wrapper vc_figure\">\n\t\t\t<div class=\"vc_single_image-wrapper vc_box_shadow_3d  vc_box_border_grey\"><img class=\"vc_single_image-img \" src=\"https:\/\/www.festivalcc.pl\/2019\/wp-content\/uploads\/2019\/03\/staff_mrauzer-200x200.jpg\" width=\"200\" height=\"200\" alt=\"staff_mrauzer\" title=\"staff_mrauzer\" \/><\/div>\n\t\t<\/figure>\n\t<\/div>\n<p style=\"font-size: 14px;text-align: left;font-family:Roboto;font-weight:500;font-style:normal\" class=\"vc_custom_heading vc_custom_1553069792422\" >Mariola Rauzer<\/p>\n\t<div class=\"wpb_text_column wpb_content_element \" >\n\t\t<div class=\"wpb_wrapper\">\n\t\t\t<p>Koordynacja wydarzenia<br \/>\nm: +48 509 622 541<br \/>\ne: <a class=\"mailto-link mail-link\" href=\"mailto:mariola.rauzer@evention.pl\" data-enc-email=\"znevbyn.enhmre&#091;at&#093;riragvba.cy?fhowrpg=Jfcbycenpn%20Cebzbpwn?\" data-wpel-link=\"ignore\"><span class=\"\">mariola.rauzer@evention.pl<\/span><\/a><\/p>\n\n\t\t<\/div>\n\t<\/div>\n<\/div><\/div><\/div><div class=\"wpb_column vc_column_container vc_col-sm-4\"><div class=\"vc_column-inner\"><div class=\"wpb_wrapper\">\n\t<div  class=\"wpb_single_image wpb_content_element vc_align_left\">\n\t\t\n\t\t<figure class=\"wpb_wrapper vc_figure\">\n\t\t\t<div class=\"vc_single_image-wrapper vc_box_shadow_3d  vc_box_border_grey\"><img class=\"vc_single_image-img \" src=\"https:\/\/www.festivalcc.pl\/2019\/wp-content\/uploads\/2019\/03\/staff_mzieminska-200x200.jpg\" width=\"200\" height=\"200\" alt=\"staff_mzieminska\" title=\"staff_mzieminska\" \/><\/div>\n\t\t<\/figure>\n\t<\/div>\n<p style=\"font-size: 14px;text-align: left;font-family:Roboto;font-weight:500;font-style:normal\" class=\"vc_custom_heading vc_custom_1553069803312\" >Agnieszka Ziemi\u0144ska<\/p>\n\t<div class=\"wpb_text_column wpb_content_element \" >\n\t\t<div class=\"wpb_wrapper\">\n\t\t\t<p>Obs\u0142uga wystawc\u00f3w<br \/>\nm: +48 533 374 006<br \/>\ne: <a class=\"mail-link\" data-enc-email=\"ntavrfmxn.mvrzvafxn&#091;at&#093;riragvba.cy\" data-wpel-link=\"ignore\"><span class=\"\">agnieszka.zieminska@evention.pl<\/span><\/a><\/p>\n\n\t\t<\/div>\n\t<\/div>\n<\/div><\/div><\/div><div class=\"wpb_column vc_column_container vc_col-sm-4\"><div class=\"vc_column-inner\"><div class=\"wpb_wrapper\"><\/div><\/div><\/div><\/div>\n","protected":false},"excerpt":{"rendered":"Organizuj\u0105c CUSTOMER CARE FESTIVAL postanowili\u015bmy po\u0142\u0105czy\u0107 si\u0142y i stworzy\u0107 jedno, niepowtarzalne wydarzenie, kt\u00f3re po\u0142\u0105czy \u015bwiat obs\u0142ugi klienta w biznesu, ze \u015bwiatem obs\u0142ugi klienta w urz\u0119dzie. BELOCAL POLSKA Sp. z o.o. Wydawca bran\u017cowego portalu CCNEWS.pl CCNEWS.pl to jedyny specjalistyczny newsowo-publicystyczny wortal internetowy w Polsce w ca\u0142o\u015bci po\u015bwi\u0119cony zagadnieniom zwi\u0105zanym z obs\u0142ug\u0105 klienta, customer services, omnichannel, customer [...]","protected":false},"author":1,"featured_media":0,"parent":0,"menu_order":0,"comment_status":"closed","ping_status":"closed","template":"","meta":{"ngg_post_thumbnail":0},"_links":{"self":[{"href":"https:\/\/www.festivalcc.pl\/2019\/wp-json\/wp\/v2\/pages\/1482"}],"collection":[{"href":"https:\/\/www.festivalcc.pl\/2019\/wp-json\/wp\/v2\/pages"}],"about":[{"href":"https:\/\/www.festivalcc.pl\/2019\/wp-json\/wp\/v2\/types\/page"}],"author":[{"embeddable":true,"href":"https:\/\/www.festivalcc.pl\/2019\/wp-json\/wp\/v2\/users\/1"}],"replies":[{"embeddable":true,"href":"https:\/\/www.festivalcc.pl\/2019\/wp-json\/wp\/v2\/comments?post=1482"}],"version-history":[{"count":25,"href":"https:\/\/www.festivalcc.pl\/2019\/wp-json\/wp\/v2\/pages\/1482\/revisions"}],"predecessor-version":[{"id":1644,"href":"https:\/\/www.festivalcc.pl\/2019\/wp-json\/wp\/v2\/pages\/1482\/revisions\/1644"}],"wp:attachment":[{"href":"https:\/\/www.festivalcc.pl\/2019\/wp-json\/wp\/v2\/media?parent=1482"}],"curies":[{"name":"wp","href":"https:\/\/api.w.org\/{rel}","templated":true}]}}