{"id":947,"date":"2019-03-05T09:55:47","date_gmt":"2019-03-05T08:55:47","guid":{"rendered":"https:\/\/www.festivalcc.pl\/?page_id=947"},"modified":"2019-06-08T14:40:11","modified_gmt":"2019-06-08T12:40:11","slug":"agenda","status":"publish","type":"page","link":"https:\/\/www.festivalcc.pl\/2019\/agenda","title":{"rendered":""},"content":{"rendered":"<div class=\"vc_row wpb_row vc_row-fluid\"><div class=\"wpb_column vc_column_container vc_col-sm-12\"><div class=\"vc_column-inner\"><div class=\"wpb_wrapper\"><h2 style=\"font-size: 25px;color: #1e73be;text-align: left;font-family:Roboto;font-weight:700;font-style:normal\" class=\"vc_custom_heading\" >27 maja 2019 - dzie\u0144 pierwszy<\/h2><div class=\"vc_row wpb_row vc_inner vc_row-fluid\"><div class=\"wpb_column vc_column_container vc_col-sm-3\"><div class=\"vc_column-inner\"><div class=\"wpb_wrapper\">\n\t<div class=\"wpb_text_column wpb_content_element \" >\n\t\t<div class=\"wpb_wrapper\">\n\t\t\t<p style=\"text-align: center;\"><strong>09:00 &#8211; 09:50<\/strong><\/p>\n\n\t\t<\/div>\n\t<\/div>\n<\/div><\/div><\/div><div class=\"wpb_column vc_column_container vc_col-sm-9\"><div class=\"vc_column-inner\"><div class=\"wpb_wrapper\">\n\t<div class=\"wpb_text_column wpb_content_element \" >\n\t\t<div class=\"wpb_wrapper\">\n\t\t\t<p>Rejestracja uczestnik\u00f3w i poranna kawa<\/p>\n\n\t\t<\/div>\n\t<\/div>\n<\/div><\/div><\/div><\/div><div class=\"vc_row wpb_row vc_inner vc_row-fluid\"><div class=\"wpb_column vc_column_container vc_col-sm-3\"><div class=\"vc_column-inner\"><div class=\"wpb_wrapper\">\n\t<div class=\"wpb_text_column wpb_content_element \" >\n\t\t<div class=\"wpb_wrapper\">\n\t\t\t<p style=\"text-align: center;\"><strong>09:50 &#8211; 10:00<\/strong><\/p>\n\n\t\t<\/div>\n\t<\/div>\n<\/div><\/div><\/div><div class=\"wpb_column vc_column_container vc_col-sm-9\"><div class=\"vc_column-inner\"><div class=\"wpb_wrapper\">\n\t<div class=\"wpb_text_column wpb_content_element \" >\n\t\t<div class=\"wpb_wrapper\">\n\t\t\t<p><strong>ROZPOCZ\u0118CIE I DNIA FESTIWALOWEGO<\/strong><\/p>\n<p><em>&#8211; Karol Bancerz,&nbsp; CEO Belocal Polska<br \/>\n&#8211; Przemys\u0142aw Gamdzyk, CEO Evention<br \/>\n&#8211; Aleksander Hakobyan, M.B.M. Poland<br \/>\n<\/em><\/p>\n\n\t\t<\/div>\n\t<\/div>\n<\/div><\/div><\/div><\/div><div class=\"vc_row wpb_row vc_inner vc_row-fluid\"><div class=\"wpb_column vc_column_container vc_col-sm-3\"><div class=\"vc_column-inner\"><div class=\"wpb_wrapper\">\n\t<div class=\"wpb_text_column wpb_content_element \" >\n\t\t<div class=\"wpb_wrapper\">\n\t\t\t<p style=\"text-align: center;\"><strong>10:00 &#8211; 10:20<\/strong><\/p>\n\n\t\t<\/div>\n\t<\/div>\n<\/div><\/div><\/div><div class=\"wpb_column vc_column_container vc_col-sm-6\"><div class=\"vc_column-inner\"><div class=\"wpb_wrapper\">\n\t<div class=\"wpb_text_column wpb_content_element \" >\n\t\t<div class=\"wpb_wrapper\">\n\t\t\t<p><strong><span lang=\"PL\">TRENDY W CX &#8211; MODA CZY KONIECZNO\u015a\u0106<\/span><\/strong><span lang=\"PL\"><strong>&nbsp;<\/strong><\/span><i><\/i><\/p>\n<p>Wyzwania dzisiejszej rzeczywisto\u015bci, era dygitalizacji; sztuczna inteligencja czy wirtualna rzeczywisto\u015b\u0107, Paradoks Polany<\/p>\n<p><em>&#8211; <strong>Ma\u0142gorzata Gawrysiak<\/strong>, Country Manager Genesys<\/em><\/p>\n\n\t\t<\/div>\n\t<\/div>\n<\/div><\/div><\/div><div class=\"wpb_column vc_column_container vc_col-sm-3\"><div class=\"vc_column-inner\"><div class=\"wpb_wrapper\">\n\t<div  class=\"wpb_single_image wpb_content_element vc_align_center  vc_custom_1559924454279\">\n\t\t\n\t\t<figure class=\"wpb_wrapper vc_figure\">\n\t\t\t<div class=\"vc_single_image-wrapper vc_box_shadow_3d  vc_box_border_grey\"><img class=\"vc_single_image-img \" src=\"https:\/\/www.festivalcc.pl\/2019\/wp-content\/uploads\/2019\/05\/prelegent_mgawrysiak-100x100.jpg\" width=\"100\" height=\"100\" alt=\"prelegent_mgawrysiak\" title=\"prelegent_mgawrysiak\" \/><\/div>\n\t\t<\/figure>\n\t<\/div>\n<\/div><\/div><\/div><\/div><div class=\"vc_row wpb_row vc_inner vc_row-fluid\"><div class=\"wpb_column vc_column_container vc_col-sm-3\"><div class=\"vc_column-inner\"><div class=\"wpb_wrapper\">\n\t<div class=\"wpb_text_column wpb_content_element \" >\n\t\t<div class=\"wpb_wrapper\">\n\t\t\t<p style=\"text-align: center;\"><strong>10:20 &#8211; 10:40<\/strong><\/p>\n\n\t\t<\/div>\n\t<\/div>\n<\/div><\/div><\/div><div class=\"wpb_column vc_column_container vc_col-sm-6\"><div class=\"vc_column-inner\"><div class=\"wpb_wrapper\">\n\t<div class=\"wpb_text_column wpb_content_element \" >\n\t\t<div class=\"wpb_wrapper\">\n\t\t\t<p><b>IDENTYFIKOWANIE KLIENT\u00d3W W US\u0141UGACH ON-LINE W SEKTORZE PUBLICZNYM &nbsp;I W BIZNESIE<\/b><\/p>\n<p><em>&#8211; <strong>Micha\u0142 Tabor<\/strong>, Partner, Obserwatorium.biz<\/em><\/p>\n\n\t\t<\/div>\n\t<\/div>\n<\/div><\/div><\/div><div class=\"wpb_column vc_column_container vc_col-sm-3\"><div class=\"vc_column-inner\"><div class=\"wpb_wrapper\">\n\t<div  class=\"wpb_single_image wpb_content_element vc_align_center  vc_custom_1559924656749\">\n\t\t\n\t\t<figure class=\"wpb_wrapper vc_figure\">\n\t\t\t<div class=\"vc_single_image-wrapper vc_box_shadow_3d  vc_box_border_grey\"><img class=\"vc_single_image-img \" src=\"https:\/\/www.festivalcc.pl\/2019\/wp-content\/uploads\/2019\/05\/prelegent_mtabor-100x100.jpg\" width=\"100\" height=\"100\" alt=\"prelegent_mtabor\" title=\"prelegent_mtabor\" \/><\/div>\n\t\t<\/figure>\n\t<\/div>\n<\/div><\/div><\/div><\/div><div class=\"vc_row wpb_row vc_inner vc_row-fluid\"><div class=\"wpb_column vc_column_container vc_col-sm-3\"><div class=\"vc_column-inner\"><div class=\"wpb_wrapper\">\n\t<div class=\"wpb_text_column wpb_content_element \" >\n\t\t<div class=\"wpb_wrapper\">\n\t\t\t<p style=\"text-align: center;\"><strong>10:40 &#8211; 11:00<\/strong><\/p>\n\n\t\t<\/div>\n\t<\/div>\n<\/div><\/div><\/div><div class=\"wpb_column vc_column_container vc_col-sm-6\"><div class=\"vc_column-inner\"><div class=\"wpb_wrapper\">\n\t<div class=\"wpb_text_column wpb_content_element \" >\n\t\t<div class=\"wpb_wrapper\">\n\t\t\t<p><b>OD POTRZEBY DO WDRO\u017bENIA. JAK WYKORZYSTA\u0106 TECHNOLOGI\u0118 DO ZWI\u0118KSZENIA EFEKTYWNO\u015aCI OBS\u0141UGI KLIENTA<\/b><\/p>\n<p><em>&#8211; <strong>Marcin Grabowski<\/strong>, Systell<\/em><\/p>\n\n\t\t<\/div>\n\t<\/div>\n<\/div><\/div><\/div><div class=\"wpb_column vc_column_container vc_col-sm-3\"><div class=\"vc_column-inner\"><div class=\"wpb_wrapper\">\n\t<div  class=\"wpb_single_image wpb_content_element vc_align_center  vc_custom_1559924810541\">\n\t\t\n\t\t<figure class=\"wpb_wrapper vc_figure\">\n\t\t\t<div class=\"vc_single_image-wrapper vc_box_shadow_3d  vc_box_border_grey\"><img class=\"vc_single_image-img \" src=\"https:\/\/www.festivalcc.pl\/2019\/wp-content\/uploads\/2019\/03\/prelegent_marcin_grabowski-100x100.jpg\" width=\"100\" height=\"100\" alt=\"prelegent_marcin_grabowski\" title=\"prelegent_marcin_grabowski\" \/><\/div>\n\t\t<\/figure>\n\t<\/div>\n<\/div><\/div><\/div><\/div><div class=\"vc_row wpb_row vc_inner vc_row-fluid\"><div class=\"wpb_column vc_column_container vc_col-sm-3\"><div class=\"vc_column-inner\"><div class=\"wpb_wrapper\">\n\t<div class=\"wpb_text_column wpb_content_element \" >\n\t\t<div class=\"wpb_wrapper\">\n\t\t\t<p style=\"text-align: center;\"><strong>11:00 &#8211; 11:20<\/strong><\/p>\n\n\t\t<\/div>\n\t<\/div>\n<\/div><\/div><\/div><div class=\"wpb_column vc_column_container vc_col-sm-6\"><div class=\"vc_column-inner\"><div class=\"wpb_wrapper\">\n\t<div class=\"wpb_text_column wpb_content_element \" >\n\t\t<div class=\"wpb_wrapper\">\n\t\t\t<p><b>KRYZYS, OBS\u0141UGA KLIENTA I MEDIA<\/b><\/p>\n<p><em>&#8211; <strong>Dariusz \u0141ukawski<\/strong>, \u0141UKAWSKI MEDIA<\/em><\/p>\n\n\t\t<\/div>\n\t<\/div>\n<\/div><\/div><\/div><div class=\"wpb_column vc_column_container vc_col-sm-3\"><div class=\"vc_column-inner\"><div class=\"wpb_wrapper\">\n\t<div  class=\"wpb_single_image wpb_content_element vc_align_center  vc_custom_1559925152344\">\n\t\t\n\t\t<figure class=\"wpb_wrapper vc_figure\">\n\t\t\t<div class=\"vc_single_image-wrapper vc_box_shadow_3d  vc_box_border_grey\"><img class=\"vc_single_image-img \" src=\"https:\/\/www.festivalcc.pl\/2019\/wp-content\/uploads\/2019\/05\/prelegent_dlukawski-100x100.jpg\" width=\"100\" height=\"100\" alt=\"prelegent_dlukawski\" title=\"prelegent_dlukawski\" \/><\/div>\n\t\t<\/figure>\n\t<\/div>\n<\/div><\/div><\/div><\/div><div class=\"vc_row wpb_row vc_inner vc_row-fluid\"><div class=\"wpb_column vc_column_container vc_col-sm-3\"><div class=\"vc_column-inner\"><div class=\"wpb_wrapper\">\n\t<div class=\"wpb_text_column wpb_content_element \" >\n\t\t<div class=\"wpb_wrapper\">\n\t\t\t<p style=\"text-align: center;\"><strong>11:20 &#8211; 11:40<\/strong><\/p>\n\n\t\t<\/div>\n\t<\/div>\n<\/div><\/div><\/div><div class=\"wpb_column vc_column_container vc_col-sm-9\"><div class=\"vc_column-inner\"><div class=\"wpb_wrapper\">\n\t<div class=\"wpb_text_column wpb_content_element \" >\n\t\t<div class=\"wpb_wrapper\">\n\t\t\t<p>Zapraszamy do odwiedzenia stoisk<\/p>\n\n\t\t<\/div>\n\t<\/div>\n<\/div><\/div><\/div><\/div><div class=\"vc_row wpb_row vc_inner vc_row-fluid\"><div class=\"wpb_column vc_column_container vc_col-sm-3\"><div class=\"vc_column-inner\"><div class=\"wpb_wrapper\">\n\t<div class=\"wpb_text_column wpb_content_element \" >\n\t\t<div class=\"wpb_wrapper\">\n\t\t\t<p style=\"text-align: center;\"><strong>11:40 &#8211; 12:20<\/strong><\/p>\n\n\t\t<\/div>\n\t<\/div>\n<\/div><\/div><\/div><div class=\"wpb_column vc_column_container vc_col-sm-6\"><div class=\"vc_column-inner\"><div class=\"wpb_wrapper\">\n\t<div class=\"wpb_text_column wpb_content_element \" >\n\t\t<div class=\"wpb_wrapper\">\n\t\t\t<p><strong>CZY BOT I CZ\u0141OWIEK MOG\u0104 STWORZY\u0106 ZGRANY DUET? JAK IM W TYM POM\u00d3C, ABY W PE\u0141NI WYKORZYSTA\u0106 POTENCJA\u0141?<\/strong><\/p>\n<p><em>&#8211;<strong> Dawid W\u00f3jcicki<\/strong>, CEO Voicetel Communications S.A.<\/em><br \/>\n<em>&#8211; <strong>Krzysztof Guzikowski<\/strong>, Head of Sales, Altar Sp. z o.o.<\/em><\/p>\n\n\t\t<\/div>\n\t<\/div>\n<\/div><\/div><\/div><div class=\"wpb_column vc_column_container vc_col-sm-3\"><div class=\"vc_column-inner\"><div class=\"wpb_wrapper\">\n\t<div  class=\"wpb_single_image wpb_content_element vc_align_center  vc_custom_1559925443642\">\n\t\t\n\t\t<figure class=\"wpb_wrapper vc_figure\">\n\t\t\t<div class=\"vc_single_image-wrapper vc_box_shadow_3d  vc_box_border_grey\"><img class=\"vc_single_image-img \" src=\"https:\/\/www.festivalcc.pl\/2019\/wp-content\/uploads\/2019\/03\/prelegent_wojcicki-100x100.jpg\" width=\"100\" height=\"100\" alt=\"prelegent_wojcicki\" title=\"prelegent_wojcicki\" \/><\/div>\n\t\t<\/figure>\n\t<\/div>\n\n\t<div  class=\"wpb_single_image wpb_content_element vc_align_center  vc_custom_1559925455860\">\n\t\t\n\t\t<figure class=\"wpb_wrapper vc_figure\">\n\t\t\t<div class=\"vc_single_image-wrapper vc_box_shadow_3d  vc_box_border_grey\"><img class=\"vc_single_image-img \" src=\"https:\/\/www.festivalcc.pl\/2019\/wp-content\/uploads\/2019\/03\/prelegent_guzikowski-100x100.jpg\" width=\"100\" height=\"100\" alt=\"prelegent_guzikowski\" title=\"prelegent_guzikowski\" \/><\/div>\n\t\t<\/figure>\n\t<\/div>\n<\/div><\/div><\/div><\/div><div class=\"vc_row wpb_row vc_inner vc_row-fluid\"><div class=\"wpb_column vc_column_container vc_col-sm-3\"><div class=\"vc_column-inner\"><div class=\"wpb_wrapper\">\n\t<div class=\"wpb_text_column wpb_content_element \" >\n\t\t<div class=\"wpb_wrapper\">\n\t\t\t<p style=\"text-align: center;\"><strong>12:20 &#8211; 12:40<\/strong><\/p>\n\n\t\t<\/div>\n\t<\/div>\n<\/div><\/div><\/div><div class=\"wpb_column vc_column_container vc_col-sm-6\"><div class=\"vc_column-inner\"><div class=\"wpb_wrapper\">\n\t<div class=\"wpb_text_column wpb_content_element \" >\n\t\t<div class=\"wpb_wrapper\">\n\t\t\t<p><strong>KONSUMENT 4.0 &#8211; OBS\u0141UGA KLIENTA W DOBIE SZTUCZNEJ INTELIGENCJI I NOWYCH MODELI BIZNESOWYCH<\/strong><\/p>\n<p><em>&#8211;<strong>&nbsp;Karol St\u0119pie\u0144<\/strong>, Deloitte Digital<\/em><\/p>\n\n\t\t<\/div>\n\t<\/div>\n<\/div><\/div><\/div><div class=\"wpb_column vc_column_container vc_col-sm-3\"><div class=\"vc_column-inner\"><div class=\"wpb_wrapper\">\n\t<div  class=\"wpb_single_image wpb_content_element vc_align_center  vc_custom_1559925508893\">\n\t\t\n\t\t<figure class=\"wpb_wrapper vc_figure\">\n\t\t\t<div class=\"vc_single_image-wrapper vc_box_shadow_3d  vc_box_border_grey\"><img class=\"vc_single_image-img \" src=\"https:\/\/www.festivalcc.pl\/2019\/wp-content\/uploads\/2019\/05\/prelegent_kstroz-100x100.jpg\" width=\"100\" height=\"100\" alt=\"prelegent_kstroz\" title=\"prelegent_kstroz\" \/><\/div>\n\t\t<\/figure>\n\t<\/div>\n<\/div><\/div><\/div><\/div><div class=\"vc_row wpb_row vc_inner vc_row-fluid\"><div class=\"wpb_column vc_column_container vc_col-sm-3\"><div class=\"vc_column-inner\"><div class=\"wpb_wrapper\">\n\t<div class=\"wpb_text_column wpb_content_element \" >\n\t\t<div class=\"wpb_wrapper\">\n\t\t\t<p style=\"text-align: center;\"><strong>12:40 &#8211; 13:00<\/strong><\/p>\n\n\t\t<\/div>\n\t<\/div>\n<\/div><\/div><\/div><div class=\"wpb_column vc_column_container vc_col-sm-6\"><div class=\"vc_column-inner\"><div class=\"wpb_wrapper\">\n\t<div class=\"wpb_text_column wpb_content_element \" >\n\t\t<div class=\"wpb_wrapper\">\n\t\t\t<p><strong>CZY LUBIMY ROZMAWIA\u0106 Z BOTAMI? CO NALE\u017bY WZI\u0104\u0106 POD UWAG\u0118 PLANUJ\u0104C ROBOTYZACJ\u0118 W KOMUNIKACJI?<\/strong><\/p>\n<p><em>&#8211;<strong>&nbsp;Artur Chmielewski<\/strong>, Avaya Poland<\/em><\/p>\n\n\t\t<\/div>\n\t<\/div>\n<\/div><\/div><\/div><div class=\"wpb_column vc_column_container vc_col-sm-3\"><div class=\"vc_column-inner\"><div class=\"wpb_wrapper\">\n\t<div  class=\"wpb_single_image wpb_content_element vc_align_center  vc_custom_1559925858910\">\n\t\t\n\t\t<figure class=\"wpb_wrapper vc_figure\">\n\t\t\t<div class=\"vc_single_image-wrapper vc_box_shadow_3d  vc_box_border_grey\"><img class=\"vc_single_image-img \" src=\"https:\/\/www.festivalcc.pl\/2019\/wp-content\/uploads\/2019\/05\/prelegent_achmielewski-100x100.jpg\" width=\"100\" height=\"100\" alt=\"prelegent_achmielewski\" title=\"prelegent_achmielewski\" \/><\/div>\n\t\t<\/figure>\n\t<\/div>\n<\/div><\/div><\/div><\/div><div class=\"vc_row wpb_row vc_inner vc_row-fluid\"><div class=\"wpb_column vc_column_container vc_col-sm-3\"><div class=\"vc_column-inner\"><div class=\"wpb_wrapper\">\n\t<div class=\"wpb_text_column wpb_content_element \" >\n\t\t<div class=\"wpb_wrapper\">\n\t\t\t<p style=\"text-align: center;\"><strong>13:00 &#8211; 14:00<\/strong><\/p>\n\n\t\t<\/div>\n\t<\/div>\n<\/div><\/div><\/div><div class=\"wpb_column vc_column_container vc_col-sm-9\"><div class=\"vc_column-inner\"><div class=\"wpb_wrapper\">\n\t<div class=\"wpb_text_column wpb_content_element \" >\n\t\t<div class=\"wpb_wrapper\">\n\t\t\t<p>Zapraszamy do odwiedzenia stoisk<\/p>\n\n\t\t<\/div>\n\t<\/div>\n<\/div><\/div><\/div><\/div><div class=\"vc_row wpb_row vc_inner vc_row-fluid\"><div class=\"wpb_column vc_column_container vc_col-sm-3\"><div class=\"vc_column-inner\"><div class=\"wpb_wrapper\">\n\t<div class=\"wpb_text_column wpb_content_element \" >\n\t\t<div class=\"wpb_wrapper\">\n\t\t\t<p style=\"text-align: center;\"><strong>14:00 &#8211; 14:20<\/strong><\/p>\n\n\t\t<\/div>\n\t<\/div>\n<\/div><\/div><\/div><div class=\"wpb_column vc_column_container vc_col-sm-6\"><div class=\"vc_column-inner\"><div class=\"wpb_wrapper\">\n\t<div class=\"wpb_text_column wpb_content_element \" >\n\t\t<div class=\"wpb_wrapper\">\n\t\t\t<p><strong>DROBIAZGI &#8211; ZIARNKO PIASKU W OKU KLIENTA<\/strong><\/p>\n<p><em>&#8211; <strong>Aldona Kucner<\/strong>, Q-Aldo-Communications<\/em><\/p>\n\n\t\t<\/div>\n\t<\/div>\n<\/div><\/div><\/div><div class=\"wpb_column vc_column_container vc_col-sm-3\"><div class=\"vc_column-inner\"><div class=\"wpb_wrapper\">\n\t<div  class=\"wpb_single_image wpb_content_element vc_align_center  vc_custom_1559926170388\">\n\t\t\n\t\t<figure class=\"wpb_wrapper vc_figure\">\n\t\t\t<div class=\"vc_single_image-wrapper vc_box_shadow_3d  vc_box_border_grey\"><img class=\"vc_single_image-img \" src=\"https:\/\/www.festivalcc.pl\/2019\/wp-content\/uploads\/2019\/05\/prelegent_akucner-100x100.jpg\" width=\"100\" height=\"100\" alt=\"prelegent_akucner\" title=\"prelegent_akucner\" \/><\/div>\n\t\t<\/figure>\n\t<\/div>\n<\/div><\/div><\/div><\/div><div class=\"vc_row wpb_row vc_inner vc_row-fluid\"><div class=\"wpb_column vc_column_container vc_col-sm-3\"><div class=\"vc_column-inner\"><div class=\"wpb_wrapper\">\n\t<div class=\"wpb_text_column wpb_content_element \" >\n\t\t<div class=\"wpb_wrapper\">\n\t\t\t<p style=\"text-align: center;\"><strong>14:20 &#8211; 14:40<\/strong><\/p>\n\n\t\t<\/div>\n\t<\/div>\n<\/div><\/div><\/div><div class=\"wpb_column vc_column_container vc_col-sm-6\"><div class=\"vc_column-inner\"><div class=\"wpb_wrapper\">\n\t<div class=\"wpb_text_column wpb_content_element \" >\n\t\t<div class=\"wpb_wrapper\">\n\t\t\t<p><strong>MOTYWACJA POMY\u015aLANA OD POCZ\u0104TKU<\/strong><\/p>\n<p><em>&#8211; <strong>Arkadiusz Szczebiot<\/strong>, MC2 Innovations<\/em><\/p>\n\n\t\t<\/div>\n\t<\/div>\n<\/div><\/div><\/div><div class=\"wpb_column vc_column_container vc_col-sm-3\"><div class=\"vc_column-inner\"><div class=\"wpb_wrapper\">\n\t<div  class=\"wpb_single_image wpb_content_element vc_align_center  vc_custom_1559926250549\">\n\t\t\n\t\t<figure class=\"wpb_wrapper vc_figure\">\n\t\t\t<div class=\"vc_single_image-wrapper vc_box_shadow_3d  vc_box_border_grey\"><img class=\"vc_single_image-img \" src=\"https:\/\/www.festivalcc.pl\/2019\/wp-content\/uploads\/2019\/05\/prelegent_aszczebiot-100x100.jpg\" width=\"100\" height=\"100\" alt=\"prelegent_aszczebiot\" title=\"prelegent_aszczebiot\" \/><\/div>\n\t\t<\/figure>\n\t<\/div>\n<\/div><\/div><\/div><\/div><div class=\"vc_row wpb_row vc_inner vc_row-fluid\"><div class=\"wpb_column vc_column_container vc_col-sm-3\"><div class=\"vc_column-inner\"><div class=\"wpb_wrapper\">\n\t<div class=\"wpb_text_column wpb_content_element \" >\n\t\t<div class=\"wpb_wrapper\">\n\t\t\t<p style=\"text-align: center;\"><strong>14:40 &#8211; 15:00<\/strong><\/p>\n\n\t\t<\/div>\n\t<\/div>\n<\/div><\/div><\/div><div class=\"wpb_column vc_column_container vc_col-sm-6\"><div class=\"vc_column-inner\"><div class=\"wpb_wrapper\">\n\t<div class=\"wpb_text_column wpb_content_element \" >\n\t\t<div class=\"wpb_wrapper\">\n\t\t\t<p><strong>OBS\u0141UGA KLIENTA WIDZIANA OCZYMA KLIENT\u00d3W<\/strong><\/p>\n<p><em>&#8211; <b>Karol Bancerz, <\/b>CCNEWS.pl<\/em><\/p>\n\n\t\t<\/div>\n\t<\/div>\n<\/div><\/div><\/div><div class=\"wpb_column vc_column_container vc_col-sm-3\"><div class=\"vc_column-inner\"><div class=\"wpb_wrapper\">\n\t<div  class=\"wpb_single_image wpb_content_element vc_align_center  vc_custom_1559926383729\">\n\t\t\n\t\t<figure class=\"wpb_wrapper vc_figure\">\n\t\t\t<div class=\"vc_single_image-wrapper vc_box_shadow_3d  vc_box_border_grey\"><img class=\"vc_single_image-img \" src=\"https:\/\/www.festivalcc.pl\/2019\/wp-content\/uploads\/2019\/03\/prelegent_kbancerz-100x100.jpg\" width=\"100\" height=\"100\" alt=\"prelegent_kbancerz\" title=\"prelegent_kbancerz\" \/><\/div>\n\t\t<\/figure>\n\t<\/div>\n<\/div><\/div><\/div><\/div><div class=\"vc_row wpb_row vc_inner vc_row-fluid\"><div class=\"wpb_column vc_column_container vc_col-sm-3\"><div class=\"vc_column-inner\"><div class=\"wpb_wrapper\">\n\t<div class=\"wpb_text_column wpb_content_element \" >\n\t\t<div class=\"wpb_wrapper\">\n\t\t\t<p style=\"text-align: center;\"><strong>15:00 &#8211; 15:20<\/strong><\/p>\n\n\t\t<\/div>\n\t<\/div>\n<\/div><\/div><\/div><div class=\"wpb_column vc_column_container vc_col-sm-9\"><div class=\"vc_column-inner\"><div class=\"wpb_wrapper\">\n\t<div class=\"wpb_text_column wpb_content_element \" >\n\t\t<div class=\"wpb_wrapper\">\n\t\t\t<p>Zapraszamy do odwiedzenia stoisk<\/p>\n\n\t\t<\/div>\n\t<\/div>\n<\/div><\/div><\/div><\/div><div class=\"vc_row wpb_row vc_inner vc_row-fluid\"><div class=\"wpb_column vc_column_container vc_col-sm-3\"><div class=\"vc_column-inner\"><div class=\"wpb_wrapper\">\n\t<div class=\"wpb_text_column wpb_content_element \" >\n\t\t<div class=\"wpb_wrapper\">\n\t\t\t<p style=\"text-align: center;\"><strong>15:20 &#8211; 15:40<\/strong><\/p>\n\n\t\t<\/div>\n\t<\/div>\n<\/div><\/div><\/div><div class=\"wpb_column vc_column_container vc_col-sm-6\"><div class=\"vc_column-inner\"><div class=\"wpb_wrapper\">\n\t<div class=\"wpb_text_column wpb_content_element \" >\n\t\t<div class=\"wpb_wrapper\">\n\t\t\t<p><strong>TWORZENIE MIEJSCA SPOTKA\u0143 ORAZ BUDOWANIE POZYTYWNYCH DO\u015aWIADCZE\u0143 KLIENT\u00d3W Z UWZGL\u0118DNIENIEM POTRZEB I OCZEKIWA\u0143 LOKALNEJ SPO\u0141ECZNO\u015aCI NA PRZYK\u0141ADZIE WOLA PARK W WARSZAWIE<\/strong><\/p>\n<p><em>&#8211; <b>Kamila Pop\u0142awska-Bernatowicz, <\/b>IDEA RETAIL \/ INGKA CENTERS<br \/>\n&#8211; <b>Marta Bry\u0142a-Gozdyra, <\/b>EVERBE<br \/>\n<\/em><\/p>\n<p>&nbsp;<\/p>\n\n\t\t<\/div>\n\t<\/div>\n<\/div><\/div><\/div><div class=\"wpb_column vc_column_container vc_col-sm-3\"><div class=\"vc_column-inner\"><div class=\"wpb_wrapper\">\n\t<div  class=\"wpb_single_image wpb_content_element vc_align_center  vc_custom_1559926562901\">\n\t\t\n\t\t<figure class=\"wpb_wrapper vc_figure\">\n\t\t\t<div class=\"vc_single_image-wrapper vc_box_shadow_3d  vc_box_border_grey\"><img class=\"vc_single_image-img \" src=\"https:\/\/www.festivalcc.pl\/2019\/wp-content\/uploads\/2019\/05\/prelegent_poplawska-bernatowicz-100x100.jpg\" width=\"100\" height=\"100\" alt=\"prelegent_poplawska-bernatowicz\" title=\"prelegent_poplawska-bernatowicz\" \/><\/div>\n\t\t<\/figure>\n\t<\/div>\n\n\t<div  class=\"wpb_single_image wpb_content_element vc_align_center  vc_custom_1559926547443\">\n\t\t\n\t\t<figure class=\"wpb_wrapper vc_figure\">\n\t\t\t<div class=\"vc_single_image-wrapper vc_box_shadow_3d  vc_box_border_grey\"><img class=\"vc_single_image-img \" src=\"https:\/\/www.festivalcc.pl\/2019\/wp-content\/uploads\/2019\/05\/mbryla-gozdyra-100x100.jpg\" width=\"100\" height=\"100\" alt=\"mbryla-gozdyra\" title=\"mbryla-gozdyra\" \/><\/div>\n\t\t<\/figure>\n\t<\/div>\n<\/div><\/div><\/div><\/div><div class=\"vc_row wpb_row vc_inner vc_row-fluid\"><div class=\"wpb_column vc_column_container vc_col-sm-3\"><div class=\"vc_column-inner\"><div class=\"wpb_wrapper\">\n\t<div class=\"wpb_text_column wpb_content_element \" >\n\t\t<div class=\"wpb_wrapper\">\n\t\t\t<p style=\"text-align: center;\"><strong>15:20 &#8211; 15:40<\/strong><\/p>\n\n\t\t<\/div>\n\t<\/div>\n<\/div><\/div><\/div><div class=\"wpb_column vc_column_container vc_col-sm-6\"><div class=\"vc_column-inner\"><div class=\"wpb_wrapper\">\n\t<div class=\"wpb_text_column wpb_content_element \" >\n\t\t<div class=\"wpb_wrapper\">\n\t\t\t<p><strong>ZMIE\u0143 SWOICH KLIENT\u00d3W W AMBASADOR\u00d3W MARKI<\/strong><\/p>\n<p><em>&#8211; <b>Karol Pi\u0119tka, <\/b>Biuro Informacji Kredytowej<br \/>\n<\/em><\/p>\n\n\t\t<\/div>\n\t<\/div>\n<\/div><\/div><\/div><div class=\"wpb_column vc_column_container vc_col-sm-3\"><div class=\"vc_column-inner\"><div class=\"wpb_wrapper\">\n\t<div  class=\"wpb_single_image wpb_content_element vc_align_center  vc_custom_1559926735679\">\n\t\t\n\t\t<figure class=\"wpb_wrapper vc_figure\">\n\t\t\t<div class=\"vc_single_image-wrapper vc_box_shadow_3d  vc_box_border_grey\"><img class=\"vc_single_image-img \" src=\"https:\/\/www.festivalcc.pl\/2019\/wp-content\/uploads\/2019\/05\/prelegent_kpietka-100x100.jpg\" width=\"100\" height=\"100\" alt=\"prelegent_kpietka\" title=\"prelegent_kpietka\" \/><\/div>\n\t\t<\/figure>\n\t<\/div>\n<\/div><\/div><\/div><\/div><h2 style=\"font-size: 25px;color: #1e73be;text-align: left;font-family:Roboto;font-weight:700;font-style:normal\" class=\"vc_custom_heading\" >28 maja 2019 - dzie\u0144 drugi<\/h2><div class=\"vc_row wpb_row vc_inner vc_row-fluid\"><div class=\"wpb_column vc_column_container vc_col-sm-3\"><div class=\"vc_column-inner\"><div class=\"wpb_wrapper\">\n\t<div class=\"wpb_text_column wpb_content_element \" >\n\t\t<div class=\"wpb_wrapper\">\n\t\t\t<p style=\"text-align: center;\"><strong>08:00 &#8211; 08:50<\/strong><\/p>\n\n\t\t<\/div>\n\t<\/div>\n<\/div><\/div><\/div><div class=\"wpb_column vc_column_container vc_col-sm-9\"><div class=\"vc_column-inner\"><div class=\"wpb_wrapper\">\n\t<div class=\"wpb_text_column wpb_content_element \" >\n\t\t<div class=\"wpb_wrapper\">\n\t\t\t<p>Rejestracja uczestnik\u00f3w i poranna kawa<\/p>\n\n\t\t<\/div>\n\t<\/div>\n<\/div><\/div><\/div><\/div><div class=\"vc_separator wpb_content_element vc_separator_align_center vc_sep_width_90 vc_sep_dashed vc_sep_pos_align_center vc_separator_no_text vc_sep_color_grey\" ><span class=\"vc_sep_holder vc_sep_holder_l\"><span  class=\"vc_sep_line\"><\/span><\/span><span class=\"vc_sep_holder vc_sep_holder_r\"><span  class=\"vc_sep_line\"><\/span><\/span>\n<\/div><div class=\"vc_row wpb_row vc_inner vc_row-fluid\"><div class=\"wpb_column vc_column_container vc_col-sm-3\"><div class=\"vc_column-inner\"><div class=\"wpb_wrapper\">\n\t<div class=\"wpb_text_column wpb_content_element \" >\n\t\t<div class=\"wpb_wrapper\">\n\t\t\t<p style=\"text-align: center;\"><strong>08:50 &#8211; 08:55<\/strong><\/p>\n\n\t\t<\/div>\n\t<\/div>\n<\/div><\/div><\/div><div class=\"wpb_column vc_column_container vc_col-sm-9\"><div class=\"vc_column-inner\"><div class=\"wpb_wrapper\">\n\t<div class=\"wpb_text_column wpb_content_element \" >\n\t\t<div class=\"wpb_wrapper\">\n\t\t\t<p><strong>ROZPOCZ\u0118CIE II DNIA FESTIWALOWEGO<\/strong><\/p>\n<p><em>&#8211; Karol Bancerz,&nbsp; CEO Belocal Polska<br \/>\n&#8211; Przemys\u0142aw Gamdzyk, CEO Evention<br \/>\n&#8211; Aleksander Hakobyan, M.B.M. Poland<br \/>\n<\/em><\/p>\n\n\t\t<\/div>\n\t<\/div>\n<\/div><\/div><\/div><\/div><div class=\"vc_separator wpb_content_element vc_separator_align_center vc_sep_width_90 vc_sep_dashed vc_sep_pos_align_center vc_separator_no_text vc_sep_color_grey\" ><span class=\"vc_sep_holder vc_sep_holder_l\"><span  class=\"vc_sep_line\"><\/span><\/span><span class=\"vc_sep_holder vc_sep_holder_r\"><span  class=\"vc_sep_line\"><\/span><\/span>\n<\/div><div class=\"vc_row wpb_row vc_inner vc_row-fluid\"><div class=\"wpb_column vc_column_container vc_col-sm-3\"><div class=\"vc_column-inner\"><div class=\"wpb_wrapper\">\n\t<div class=\"wpb_text_column wpb_content_element \" >\n\t\t<div class=\"wpb_wrapper\">\n\t\t\t<p style=\"text-align: center;\"><strong>08:55 &#8211; 09:20<\/strong><\/p>\n\n\t\t<\/div>\n\t<\/div>\n<\/div><\/div><\/div><div class=\"wpb_column vc_column_container vc_col-sm-6\"><div class=\"vc_column-inner\"><div class=\"wpb_wrapper\">\n\t<div class=\"wpb_text_column wpb_content_element \" >\n\t\t<div class=\"wpb_wrapper\">\n\t\t\t<p><strong>CUSTOMER CARE W SEKTORE PUBLICZNYM<\/strong><\/p>\n<p>Absorpcja kultury pracy i technologii Contact Center do specyfiki administracji publicznej i us\u0142ug publicznych &#8211; na przyk\u0142adzie dekady pracy o\u015brodka Pozna\u0144 Kontakt.<\/p>\n<p><em>&#8211; &nbsp;<strong>Konrad Zawadzki<\/strong>, dyrektor Biura Pozna\u0144 Kontakt, Urz\u0105d Miasta Poznania<\/em><\/p>\n\n\t\t<\/div>\n\t<\/div>\n<\/div><\/div><\/div><div class=\"wpb_column vc_column_container vc_col-sm-3\"><div class=\"vc_column-inner\"><div class=\"wpb_wrapper\">\n\t<div  class=\"wpb_single_image wpb_content_element vc_align_center  vc_custom_1558471843941\">\n\t\t\n\t\t<figure class=\"wpb_wrapper vc_figure\">\n\t\t\t<div class=\"vc_single_image-wrapper vc_box_shadow_3d  vc_box_border_grey\"><img class=\"vc_single_image-img \" src=\"https:\/\/www.festivalcc.pl\/2019\/wp-content\/uploads\/2019\/05\/prelegent_kzawadzki-100x100.jpg\" width=\"100\" height=\"100\" alt=\"prelegent_kzawadzki\" title=\"prelegent_kzawadzki\" \/><\/div>\n\t\t<\/figure>\n\t<\/div>\n<\/div><\/div><\/div><\/div><div class=\"vc_separator wpb_content_element vc_separator_align_center vc_sep_width_90 vc_sep_dashed vc_sep_pos_align_center vc_separator_no_text vc_sep_color_grey\" ><span class=\"vc_sep_holder vc_sep_holder_l\"><span  class=\"vc_sep_line\"><\/span><\/span><span class=\"vc_sep_holder vc_sep_holder_r\"><span  class=\"vc_sep_line\"><\/span><\/span>\n<\/div><div class=\"vc_row wpb_row vc_inner vc_row-fluid\"><div class=\"wpb_column vc_column_container vc_col-sm-3\"><div class=\"vc_column-inner\"><div class=\"wpb_wrapper\">\n\t<div class=\"wpb_text_column wpb_content_element \" >\n\t\t<div class=\"wpb_wrapper\">\n\t\t\t<p style=\"text-align: center;\"><strong>09:20 &#8211; 09:40<\/strong><\/p>\n\n\t\t<\/div>\n\t<\/div>\n<\/div><\/div><\/div><div class=\"wpb_column vc_column_container vc_col-sm-6\"><div class=\"vc_column-inner\"><div class=\"wpb_wrapper\">\n\t<div class=\"wpb_text_column wpb_content_element \" >\n\t\t<div class=\"wpb_wrapper\">\n\t\t\t<p><strong>JAK TWORZY\u0106 DOBRE US\u0141UGI PUBLICZNE?<\/strong><\/p>\n<p>O obs\u0142udze klient\u00f3w w ZUS, zmianie w podej\u015bciu do projektowania us\u0142ug i dostosowywaniu dzia\u0142a\u0144 do potrzeb klient\u00f3w.<\/p>\n<p><em>&#8211; &nbsp;<strong><i>Edyta Marczak,<\/i><\/strong><\/em> <em>wicedyrektor Departamentu Obs\u0142ugi Klient\u00f3w w Zak\u0142adzie Ubezpiecze\u0144 Spo\u0142ecznych<\/em><\/p>\n\n\t\t<\/div>\n\t<\/div>\n<\/div><\/div><\/div><div class=\"wpb_column vc_column_container vc_col-sm-3\"><div class=\"vc_column-inner\"><div class=\"wpb_wrapper\">\n\t<div  class=\"wpb_single_image wpb_content_element vc_align_center  vc_custom_1558812704863\">\n\t\t\n\t\t<figure class=\"wpb_wrapper vc_figure\">\n\t\t\t<div class=\"vc_single_image-wrapper vc_box_shadow_3d  vc_box_border_grey\"><img class=\"vc_single_image-img \" src=\"https:\/\/www.festivalcc.pl\/2019\/wp-content\/uploads\/2019\/05\/prelegent_emarczak-100x100.jpg\" width=\"100\" height=\"100\" alt=\"prelegent_emarczak\" title=\"prelegent_emarczak\" \/><\/div>\n\t\t<\/figure>\n\t<\/div>\n<\/div><\/div><\/div><\/div><div class=\"vc_separator wpb_content_element vc_separator_align_center vc_sep_width_90 vc_sep_dashed vc_sep_pos_align_center vc_separator_no_text vc_sep_color_grey\" ><span class=\"vc_sep_holder vc_sep_holder_l\"><span  class=\"vc_sep_line\"><\/span><\/span><span class=\"vc_sep_holder vc_sep_holder_r\"><span  class=\"vc_sep_line\"><\/span><\/span>\n<\/div><div class=\"vc_row wpb_row vc_inner vc_row-fluid\"><div class=\"wpb_column vc_column_container vc_col-sm-3\"><div class=\"vc_column-inner\"><div class=\"wpb_wrapper\">\n\t<div class=\"wpb_text_column wpb_content_element \" >\n\t\t<div class=\"wpb_wrapper\">\n\t\t\t<p style=\"text-align: center;\"><strong>09:40 &#8211; 10:00<\/strong><\/p>\n\n\t\t<\/div>\n\t<\/div>\n<\/div><\/div><\/div><div class=\"wpb_column vc_column_container vc_col-sm-6\"><div class=\"vc_column-inner\"><div class=\"wpb_wrapper\">\n\t<div class=\"wpb_text_column wpb_content_element \" >\n\t\t<div class=\"wpb_wrapper\">\n\t\t\t<p><strong>DIGITAL WAY, CZYLI CYFROWA PODR\u00d3\u017b KLIENTA W MBANKU<\/strong><\/p>\n<p>Jak z banku internetowego stali\u015bmy si\u0119 bankiem zbudowanym na cyfrowej drodze klienta?<\/p>\n<p><em><strong>\u0141ukasz Wiktor<\/strong>, Head of Retail Products and Processes Department, mBank<\/em><br \/>\n<em><strong>Marcin \u0141azi\u0144ski<\/strong>, Head of Process Improvement Division in Retail Products &amp; Processes Department, mBank<\/em><\/p>\n<p>&nbsp;<\/p>\n\n\t\t<\/div>\n\t<\/div>\n<\/div><\/div><\/div><div class=\"wpb_column vc_column_container vc_col-sm-3\"><div class=\"vc_column-inner\"><div class=\"wpb_wrapper\">\n\t<div  class=\"wpb_single_image wpb_content_element vc_align_center  vc_custom_1558470996749\">\n\t\t\n\t\t<figure class=\"wpb_wrapper vc_figure\">\n\t\t\t<div class=\"vc_single_image-wrapper vc_box_shadow_3d  vc_box_border_grey\"><img class=\"vc_single_image-img \" src=\"https:\/\/www.festivalcc.pl\/2019\/wp-content\/uploads\/2019\/04\/prelegent_lukasz_wiktor-100x100.jpg\" width=\"100\" height=\"100\" alt=\"prelegent_lukasz_wiktor\" title=\"prelegent_lukasz_wiktor\" \/><\/div>\n\t\t<\/figure>\n\t<\/div>\n\n\t<div  class=\"wpb_single_image wpb_content_element vc_align_center  vc_custom_1558471007660\">\n\t\t\n\t\t<figure class=\"wpb_wrapper vc_figure\">\n\t\t\t<div class=\"vc_single_image-wrapper vc_box_shadow_3d  vc_box_border_grey\"><img class=\"vc_single_image-img \" src=\"https:\/\/www.festivalcc.pl\/2019\/wp-content\/uploads\/2019\/04\/prelegent_marcin_lazinski-100x100.jpg\" width=\"100\" height=\"100\" alt=\"prelegent_marcin_lazinski\" title=\"prelegent_marcin_lazinski\" \/><\/div>\n\t\t<\/figure>\n\t<\/div>\n<\/div><\/div><\/div><\/div><div class=\"vc_separator wpb_content_element vc_separator_align_center vc_sep_width_90 vc_sep_dashed vc_sep_pos_align_center vc_separator_no_text vc_sep_color_grey\" ><span class=\"vc_sep_holder vc_sep_holder_l\"><span  class=\"vc_sep_line\"><\/span><\/span><span class=\"vc_sep_holder vc_sep_holder_r\"><span  class=\"vc_sep_line\"><\/span><\/span>\n<\/div><div class=\"vc_row wpb_row vc_inner vc_row-fluid\"><div class=\"wpb_column vc_column_container vc_col-sm-3\"><div class=\"vc_column-inner\"><div class=\"wpb_wrapper\">\n\t<div class=\"wpb_text_column wpb_content_element \" >\n\t\t<div class=\"wpb_wrapper\">\n\t\t\t<p style=\"text-align: center;\"><strong>10:00 &#8211; 10:20<\/strong><\/p>\n\n\t\t<\/div>\n\t<\/div>\n<\/div><\/div><\/div><div class=\"wpb_column vc_column_container vc_col-sm-6\"><div class=\"vc_column-inner\"><div class=\"wpb_wrapper\">\n\t<div class=\"wpb_text_column wpb_content_element \" >\n\t\t<div class=\"wpb_wrapper\">\n\t\t\t<p><strong>POLY &#8211; 5 FUNKCJI, KT\u00d3RE POWINNO POSIADA\u0106 URZ\u0104DZENIE DO KOMUNIKACJI<\/strong><\/p>\n<p><em><strong>Iwona \u017bmudzka<\/strong>, Product Manager w Veracomp S.A.<\/em><br \/>\n<em><strong>Mateusz Ziobro<\/strong>, In\u017cynier Wsparcia Technicznego w Veracomp S.A.<\/em><\/p>\n\n\t\t<\/div>\n\t<\/div>\n<\/div><\/div><\/div><div class=\"wpb_column vc_column_container vc_col-sm-3\"><div class=\"vc_column-inner\"><div class=\"wpb_wrapper\">\n\t<div  class=\"wpb_single_image wpb_content_element vc_align_center  vc_custom_1558470971976\">\n\t\t\n\t\t<figure class=\"wpb_wrapper vc_figure\">\n\t\t\t<div class=\"vc_single_image-wrapper vc_box_shadow_3d  vc_box_border_grey\"><img class=\"vc_single_image-img \" src=\"https:\/\/www.festivalcc.pl\/2019\/wp-content\/uploads\/2019\/04\/prelegent_uzmudzka-100x100.jpg\" width=\"100\" height=\"100\" alt=\"prelegent_uzmudzka\" title=\"prelegent_uzmudzka\" \/><\/div>\n\t\t<\/figure>\n\t<\/div>\n\n\t<div  class=\"wpb_single_image wpb_content_element vc_align_center  vc_custom_1558470982956\">\n\t\t\n\t\t<figure class=\"wpb_wrapper vc_figure\">\n\t\t\t<div class=\"vc_single_image-wrapper vc_box_shadow_3d  vc_box_border_grey\"><img class=\"vc_single_image-img \" src=\"https:\/\/www.festivalcc.pl\/2019\/wp-content\/uploads\/2019\/04\/prelegent_mziobro-100x100.jpg\" width=\"100\" height=\"100\" alt=\"prelegent_mziobro\" title=\"prelegent_mziobro\" \/><\/div>\n\t\t<\/figure>\n\t<\/div>\n<\/div><\/div><\/div><\/div><div class=\"vc_separator wpb_content_element vc_separator_align_center vc_sep_width_90 vc_sep_dashed vc_sep_pos_align_center vc_separator_no_text vc_sep_color_grey\" ><span class=\"vc_sep_holder vc_sep_holder_l\"><span  class=\"vc_sep_line\"><\/span><\/span><span class=\"vc_sep_holder vc_sep_holder_r\"><span  class=\"vc_sep_line\"><\/span><\/span>\n<\/div><div class=\"vc_row wpb_row vc_inner vc_row-fluid\"><div class=\"wpb_column vc_column_container vc_col-sm-3\"><div class=\"vc_column-inner\"><div class=\"wpb_wrapper\">\n\t<div class=\"wpb_text_column wpb_content_element \" >\n\t\t<div class=\"wpb_wrapper\">\n\t\t\t<p style=\"text-align: center;\"><strong>10:20 &#8211; 10:40<\/strong><\/p>\n\n\t\t<\/div>\n\t<\/div>\n<\/div><\/div><\/div><div class=\"wpb_column vc_column_container vc_col-sm-9\"><div class=\"vc_column-inner\"><div class=\"wpb_wrapper\">\n\t<div class=\"wpb_text_column wpb_content_element \" >\n\t\t<div class=\"wpb_wrapper\">\n\t\t\t<p>Zapraszamy do odwiedzenia stoisk<\/p>\n\n\t\t<\/div>\n\t<\/div>\n<\/div><\/div><\/div><\/div><div class=\"vc_separator wpb_content_element vc_separator_align_center vc_sep_width_90 vc_sep_dashed vc_sep_pos_align_center vc_separator_no_text vc_sep_color_grey\" ><span class=\"vc_sep_holder vc_sep_holder_l\"><span  class=\"vc_sep_line\"><\/span><\/span><span class=\"vc_sep_holder vc_sep_holder_r\"><span  class=\"vc_sep_line\"><\/span><\/span>\n<\/div><div class=\"vc_row wpb_row vc_inner vc_row-fluid\"><div class=\"wpb_column vc_column_container vc_col-sm-3\"><div class=\"vc_column-inner\"><div class=\"wpb_wrapper\">\n\t<div class=\"wpb_text_column wpb_content_element \" >\n\t\t<div class=\"wpb_wrapper\">\n\t\t\t<p style=\"text-align: center;\"><strong>10:40 &#8211; 11:00<\/strong><\/p>\n\n\t\t<\/div>\n\t<\/div>\n<\/div><\/div><\/div><div class=\"wpb_column vc_column_container vc_col-sm-6\"><div class=\"vc_column-inner\"><div class=\"wpb_wrapper\">\n\t<div class=\"wpb_text_column wpb_content_element \" >\n\t\t<div class=\"wpb_wrapper\">\n\t\t\t<p><strong>CZAS NA CZAT, CZY CZAT NA CZAS?<\/strong><\/p>\n<p>O obs\u0142udze klient\u00f3w w kanale czat. Prezentacja do\u015bwiadcze\u0144, wniosk\u00f3w i spostrze\u017ce\u0144 zwi\u0105zanych z obs\u0142ug\u0105 klient\u00f3w w kanale tekstowym.<\/p>\n<p><em><strong>Mateusz Po\u015bpieszny<\/strong>, .BespokeChat, CMO<\/em><\/p>\n\n\t\t<\/div>\n\t<\/div>\n<\/div><\/div><\/div><div class=\"wpb_column vc_column_container vc_col-sm-3\"><div class=\"vc_column-inner\"><div class=\"wpb_wrapper\">\n\t<div  class=\"wpb_single_image wpb_content_element vc_align_center  vc_custom_1558471858139\">\n\t\t\n\t\t<figure class=\"wpb_wrapper vc_figure\">\n\t\t\t<div class=\"vc_single_image-wrapper vc_box_shadow_3d  vc_box_border_grey\"><img class=\"vc_single_image-img \" src=\"https:\/\/www.festivalcc.pl\/2019\/wp-content\/uploads\/2019\/05\/prelegent_mpospieszny-100x100.jpg\" width=\"100\" height=\"100\" alt=\"prelegent_mpospieszny\" title=\"prelegent_mpospieszny\" \/><\/div>\n\t\t<\/figure>\n\t<\/div>\n<\/div><\/div><\/div><\/div><div class=\"vc_separator wpb_content_element vc_separator_align_center vc_sep_width_90 vc_sep_dashed vc_sep_pos_align_center vc_separator_no_text vc_sep_color_grey\" ><span class=\"vc_sep_holder vc_sep_holder_l\"><span  class=\"vc_sep_line\"><\/span><\/span><span class=\"vc_sep_holder vc_sep_holder_r\"><span  class=\"vc_sep_line\"><\/span><\/span>\n<\/div><div class=\"vc_row wpb_row vc_inner vc_row-fluid\"><div class=\"wpb_column vc_column_container vc_col-sm-3\"><div class=\"vc_column-inner\"><div class=\"wpb_wrapper\">\n\t<div class=\"wpb_text_column wpb_content_element \" >\n\t\t<div class=\"wpb_wrapper\">\n\t\t\t<p style=\"text-align: center;\"><strong>11:00 &#8211; 11:25<\/strong><\/p>\n\n\t\t<\/div>\n\t<\/div>\n<\/div><\/div><\/div><div class=\"wpb_column vc_column_container vc_col-sm-6\"><div class=\"vc_column-inner\"><div class=\"wpb_wrapper\">\n\t<div class=\"wpb_text_column wpb_content_element \" >\n\t\t<div class=\"wpb_wrapper\">\n\t\t\t<p><strong>WDRO\u017bENIE MIEJSKIEGO CENTRUM KONTAKTU<\/strong><\/p>\n<p>Realizacja Gda\u0144skiego Centrum Kontaktu &#8211; rozstrzygni\u0119cie przetarg\u00f3w i wdro\u017cenie. Dotychczasowe do\u015bwiadczenia z funkcjonowania systemu i plany na przysz\u0142o\u015b\u0107.<\/p>\n<p><em>&#8211; <strong>Tomasz Filipowicz<\/strong>, Dyrektor Wydzia\u0142u Spraw Obywatelskich, Urz\u0105d Miasta Gda\u0144ska<br \/>\n&#8211; <strong>Jaros\u0142aw Schroeder<\/strong>, Kierownik Gda\u0144skiego Centrum Kontaktu, Urz\u0105d Miasta Gda\u0144ska<\/em><\/p>\n\n\t\t<\/div>\n\t<\/div>\n<\/div><\/div><\/div><div class=\"wpb_column vc_column_container vc_col-sm-3\"><div class=\"vc_column-inner\"><div class=\"wpb_wrapper\">\n\t<div  class=\"wpb_single_image wpb_content_element vc_align_center  vc_custom_1558470925050\">\n\t\t\n\t\t<figure class=\"wpb_wrapper vc_figure\">\n\t\t\t<div class=\"vc_single_image-wrapper vc_box_shadow_3d  vc_box_border_grey\"><img class=\"vc_single_image-img \" src=\"https:\/\/www.festivalcc.pl\/2019\/wp-content\/uploads\/2019\/04\/prelegent_tomasz_filipowicz2-100x100.jpg\" width=\"100\" height=\"100\" alt=\"prelegent_tomasz_filipowicz2\" title=\"prelegent_tomasz_filipowicz2\" \/><\/div>\n\t\t<\/figure>\n\t<\/div>\n\n\t<div  class=\"wpb_single_image wpb_content_element vc_align_center  vc_custom_1558470952704\">\n\t\t\n\t\t<figure class=\"wpb_wrapper vc_figure\">\n\t\t\t<div class=\"vc_single_image-wrapper vc_box_shadow_3d  vc_box_border_grey\"><img class=\"vc_single_image-img \" src=\"https:\/\/www.festivalcc.pl\/2019\/wp-content\/uploads\/2019\/04\/prelegent_jaroslaw-schroeder-100x100.jpg\" width=\"100\" height=\"100\" alt=\"prelegent_jaroslaw-schroeder\" title=\"prelegent_jaroslaw-schroeder\" \/><\/div>\n\t\t<\/figure>\n\t<\/div>\n<\/div><\/div><\/div><\/div><div class=\"vc_separator wpb_content_element vc_separator_align_center vc_sep_width_90 vc_sep_dashed vc_sep_pos_align_center vc_separator_no_text vc_sep_color_grey\" ><span class=\"vc_sep_holder vc_sep_holder_l\"><span  class=\"vc_sep_line\"><\/span><\/span><span class=\"vc_sep_holder vc_sep_holder_r\"><span  class=\"vc_sep_line\"><\/span><\/span>\n<\/div><div class=\"vc_row wpb_row vc_inner vc_row-fluid\"><div class=\"wpb_column vc_column_container vc_col-sm-3\"><div class=\"vc_column-inner\"><div class=\"wpb_wrapper\">\n\t<div class=\"wpb_text_column wpb_content_element \" >\n\t\t<div class=\"wpb_wrapper\">\n\t\t\t<p style=\"text-align: center;\"><strong>11:25 &#8211; 12:10<\/strong><\/p>\n\n\t\t<\/div>\n\t<\/div>\n<\/div><\/div><\/div><div class=\"wpb_column vc_column_container vc_col-sm-6\"><div class=\"vc_column-inner\"><div class=\"wpb_wrapper\">\n\t<div class=\"wpb_text_column wpb_content_element \" id=\"dr\">\n\t\t<div class=\"wpb_wrapper\">\n\t\t\t<p><b>J\u0118ZYK PROSTY CZY ZROZUMIA\u0141Y?<\/b><\/p>\n<p>Przyzwyczajeni do &#8222;<em>urz\u0119dologii<\/em>&#8221; pism stajemy si\u0119 wi\u0119\u017aniami samych siebie. A klient potrzebuje tre\u015bci zrozumia\u0142ej dla siebie, a nie tylko tekstu o &#8222;<em>urz\u0119dniczym brzmieniu<\/em>&#8222;. To tak ma\u0142o, ale a\u017c tak du\u017co w walce o lepsze do\u015bwiadczenia klienta w obs\u0142udze&#8230;<\/p>\n<p><em><strong>dr Grzegorz Zarzeczny<\/strong>,&nbsp;Instytut Filologii Polskiej, Uniwersytet Wroc\u0142awski<\/em><\/p>\n\n\t\t<\/div>\n\t<\/div>\n<\/div><\/div><\/div><div class=\"wpb_column vc_column_container vc_col-sm-3\"><div class=\"vc_column-inner\"><div class=\"wpb_wrapper\">\n\t<div  class=\"wpb_single_image wpb_content_element vc_align_center  vc_custom_1558561418444\">\n\t\t\n\t\t<figure class=\"wpb_wrapper vc_figure\">\n\t\t\t<div class=\"vc_single_image-wrapper vc_box_shadow_3d  vc_box_border_grey\"><img class=\"vc_single_image-img \" src=\"https:\/\/www.festivalcc.pl\/2019\/wp-content\/uploads\/2019\/05\/prelegent_zarzeczny-100x100.jpg\" width=\"100\" height=\"100\" alt=\"prelegent_zarzeczny\" title=\"prelegent_zarzeczny\" \/><\/div>\n\t\t<\/figure>\n\t<\/div>\n<\/div><\/div><\/div><\/div><div class=\"vc_separator wpb_content_element vc_separator_align_center vc_sep_width_90 vc_sep_dashed vc_sep_pos_align_center vc_separator_no_text vc_sep_color_grey\" ><span class=\"vc_sep_holder vc_sep_holder_l\"><span  class=\"vc_sep_line\"><\/span><\/span><span class=\"vc_sep_holder vc_sep_holder_r\"><span  class=\"vc_sep_line\"><\/span><\/span>\n<\/div><div class=\"vc_row wpb_row vc_inner vc_row-fluid\"><div class=\"wpb_column vc_column_container vc_col-sm-3\"><div class=\"vc_column-inner\"><div class=\"wpb_wrapper\">\n\t<div class=\"wpb_text_column wpb_content_element \" >\n\t\t<div class=\"wpb_wrapper\">\n\t\t\t<p style=\"text-align: center;\"><strong>12:10 &#8211; 12:30<\/strong><\/p>\n\n\t\t<\/div>\n\t<\/div>\n<\/div><\/div><\/div><div class=\"wpb_column vc_column_container vc_col-sm-6\"><div class=\"vc_column-inner\"><div class=\"wpb_wrapper\">\n\t<div class=\"wpb_text_column wpb_content_element \" >\n\t\t<div class=\"wpb_wrapper\">\n\t\t\t<p><strong>CZY OUTSOURCING MO\u017bE POM\u00d3C SEKTOROWI PUBLIC \u015aWIADCZY\u0106 LEPSZE JAKO\u015aCIOWO US\u0141UGI DLA MIESZKA\u0143C\u00d3W?<\/strong><\/p>\n<p>W jaki spos\u00f3b outsourcingowe call center mo\u017ce wspom\u00f3c sektor publiczny w coraz bardziej wymagaj\u0105cej obs\u0142udze klienta na przyk\u0142adzie dotychczasowej wsp\u00f3\u0142pracy grupy Arteria S.A. ze sp\u00f3\u0142kami Skarbu Pa\u0144stwa.<\/p>\n<p><em>&#8211; &nbsp;<strong>Wojciech Glapa<\/strong>, &nbsp;wiceprezes Arteria S.A.<\/em><\/p>\n\n\t\t<\/div>\n\t<\/div>\n<\/div><\/div><\/div><div class=\"wpb_column vc_column_container vc_col-sm-3\"><div class=\"vc_column-inner\"><div class=\"wpb_wrapper\">\n\t<div  class=\"wpb_single_image wpb_content_element vc_align_center  vc_custom_1558469338975\">\n\t\t\n\t\t<figure class=\"wpb_wrapper vc_figure\">\n\t\t\t<div class=\"vc_single_image-wrapper vc_box_shadow_3d  vc_box_border_grey\"><img class=\"vc_single_image-img \" src=\"https:\/\/www.festivalcc.pl\/2019\/wp-content\/uploads\/2019\/05\/prelegent_wglapa-100x100.jpg\" width=\"100\" height=\"100\" alt=\"prelegent_wglapa\" title=\"prelegent_wglapa\" \/><\/div>\n\t\t<\/figure>\n\t<\/div>\n<\/div><\/div><\/div><\/div><div class=\"vc_row wpb_row vc_inner vc_row-fluid\"><div class=\"wpb_column vc_column_container vc_col-sm-3\"><div class=\"vc_column-inner\"><div class=\"wpb_wrapper\">\n\t<div class=\"wpb_text_column wpb_content_element \" >\n\t\t<div class=\"wpb_wrapper\">\n\t\t\t<p style=\"text-align: center;\"><strong>12:30 &#8211; 12:50<\/strong><\/p>\n\n\t\t<\/div>\n\t<\/div>\n<\/div><\/div><\/div><div class=\"wpb_column vc_column_container vc_col-sm-6\"><div class=\"vc_column-inner\"><div class=\"wpb_wrapper\">\n\t<div class=\"wpb_text_column wpb_content_element \" >\n\t\t<div class=\"wpb_wrapper\">\n\t\t\t<p><strong>JAK WZMOCNI\u0106 SAMODYSCYPLIN\u0118 TELEMARKETER\u00d3W.<br \/>\n<\/strong><\/p>\n<div>\n<p>Dowiesz si\u0119 jak j\u0105 wzmocni\u0107 w oparciu o potwierdzone badania naukowe z dziedziny psychologii, przekazane w zrozumia\u0142y i czasem humorystyczny spos\u00f3b.&nbsp;Poznasz 5 kluczowych czynnik\u00f3w samodyscypliny.&nbsp;Otrzymasz 2 sprawdzone techniki, kt\u00f3re daj\u0105 natychmiastowe rezultaty.<\/p>\n<\/div>\n<div><strong><em>Karol Bartkowski<\/em><\/strong><em>, trener, ekspert, mentor i podcaster<\/em><\/div>\n\n\t\t<\/div>\n\t<\/div>\n<\/div><\/div><\/div><div class=\"wpb_column vc_column_container vc_col-sm-3\"><div class=\"vc_column-inner\"><div class=\"wpb_wrapper\">\n\t<div  class=\"wpb_single_image wpb_content_element vc_align_center  vc_custom_1558470868418\">\n\t\t\n\t\t<figure class=\"wpb_wrapper vc_figure\">\n\t\t\t<div class=\"vc_single_image-wrapper vc_box_shadow_3d  vc_box_border_grey\"><img class=\"vc_single_image-img \" src=\"https:\/\/www.festivalcc.pl\/2019\/wp-content\/uploads\/2019\/03\/500xkarol-bartkowski-100x100.png\" width=\"100\" height=\"100\" alt=\"500xkarol-bartkowski\" title=\"500xkarol-bartkowski\" \/><\/div>\n\t\t<\/figure>\n\t<\/div>\n<\/div><\/div><\/div><\/div><div class=\"vc_separator wpb_content_element vc_separator_align_center vc_sep_width_90 vc_sep_dashed vc_sep_pos_align_center vc_separator_no_text vc_sep_color_grey\" ><span class=\"vc_sep_holder vc_sep_holder_l\"><span  class=\"vc_sep_line\"><\/span><\/span><span class=\"vc_sep_holder vc_sep_holder_r\"><span  class=\"vc_sep_line\"><\/span><\/span>\n<\/div><div class=\"vc_row wpb_row vc_inner vc_row-fluid\"><div class=\"wpb_column vc_column_container vc_col-sm-3\"><div class=\"vc_column-inner\"><div class=\"wpb_wrapper\">\n\t<div class=\"wpb_text_column wpb_content_element \" >\n\t\t<div class=\"wpb_wrapper\">\n\t\t\t<p style=\"text-align: center;\"><strong>12:50 &#8211; 13:00<\/strong><\/p>\n\n\t\t<\/div>\n\t<\/div>\n<\/div><\/div><\/div><div class=\"wpb_column vc_column_container vc_col-sm-6\"><div class=\"vc_column-inner\"><div class=\"wpb_wrapper\">\n\t<div class=\"wpb_text_column wpb_content_element \" >\n\t\t<div class=\"wpb_wrapper\">\n\t\t\t<p><b>#B\u0104D\u0179JAK<\/b> &#8211; WR\u0118CZENIE NAGR\u00d3D<\/p>\n<p><em><strong>prowadz\u0105cy:<\/strong><br \/>\nAleksander Hakobyan<\/em><\/p>\n\n\t\t<\/div>\n\t<\/div>\n<\/div><\/div><\/div><div class=\"wpb_column vc_column_container vc_col-sm-3\"><div class=\"vc_column-inner\"><div class=\"wpb_wrapper\">\n\t<div  class=\"wpb_single_image wpb_content_element vc_align_center  vc_custom_1558470855228\">\n\t\t\n\t\t<figure class=\"wpb_wrapper vc_figure\">\n\t\t\t<div class=\"vc_single_image-wrapper vc_box_shadow_3d  vc_box_border_grey\"><img class=\"vc_single_image-img \" src=\"https:\/\/www.festivalcc.pl\/2019\/wp-content\/uploads\/2019\/03\/prelegent_ahakobyan-100x100.jpg\" width=\"100\" height=\"100\" alt=\"prelegent_ahakobyan\" title=\"prelegent_ahakobyan\" \/><\/div>\n\t\t<\/figure>\n\t<\/div>\n<\/div><\/div><\/div><\/div><div class=\"vc_separator wpb_content_element vc_separator_align_center vc_sep_width_90 vc_sep_dashed vc_sep_pos_align_center vc_separator_no_text vc_sep_color_grey\" ><span class=\"vc_sep_holder vc_sep_holder_l\"><span  class=\"vc_sep_line\"><\/span><\/span><span class=\"vc_sep_holder vc_sep_holder_r\"><span  class=\"vc_sep_line\"><\/span><\/span>\n<\/div><div class=\"vc_row wpb_row vc_inner vc_row-fluid\"><div class=\"wpb_column vc_column_container vc_col-sm-3\"><div class=\"vc_column-inner\"><div class=\"wpb_wrapper\">\n\t<div class=\"wpb_text_column wpb_content_element \" >\n\t\t<div class=\"wpb_wrapper\">\n\t\t\t<p style=\"text-align: center;\"><strong>13:00 &#8211; 13:50<\/strong><\/p>\n\n\t\t<\/div>\n\t<\/div>\n<\/div><\/div><\/div><div class=\"wpb_column vc_column_container vc_col-sm-9\"><div class=\"vc_column-inner\"><div class=\"wpb_wrapper\">\n\t<div class=\"wpb_text_column wpb_content_element \" >\n\t\t<div class=\"wpb_wrapper\">\n\t\t\t<p>Zapraszamy do odwiedzenia stoisk<\/p>\n\n\t\t<\/div>\n\t<\/div>\n<\/div><\/div><\/div><\/div><div class=\"vc_row wpb_row vc_inner vc_row-fluid\"><div class=\"wpb_column vc_column_container vc_col-sm-3\"><div class=\"vc_column-inner\"><div class=\"wpb_wrapper\">\n\t<div class=\"wpb_text_column wpb_content_element \" >\n\t\t<div class=\"wpb_wrapper\">\n\t\t\t<p style=\"text-align: center;\"><strong>13:50 &#8211; 13:55<\/strong><\/p>\n\n\t\t<\/div>\n\t<\/div>\n<\/div><\/div><\/div><div class=\"wpb_column vc_column_container vc_col-sm-9\"><div class=\"vc_column-inner\"><div class=\"wpb_wrapper\">\n\t<div class=\"wpb_text_column wpb_content_element \" >\n\t\t<div class=\"wpb_wrapper\">\n\t\t\t<p><strong>WR\u0118CZENIE NAGR\u00d3D PRZEZ VERACOMP \/ POLY<\/strong><\/p>\n\n\t\t<\/div>\n\t<\/div>\n<\/div><\/div><\/div><\/div><div class=\"vc_separator wpb_content_element vc_separator_align_center vc_sep_width_90 vc_sep_dashed vc_sep_pos_align_center vc_separator_no_text vc_sep_color_grey\" ><span class=\"vc_sep_holder vc_sep_holder_l\"><span  class=\"vc_sep_line\"><\/span><\/span><span class=\"vc_sep_holder vc_sep_holder_r\"><span  class=\"vc_sep_line\"><\/span><\/span>\n<\/div><div class=\"vc_row wpb_row vc_inner vc_row-fluid\"><div class=\"wpb_column vc_column_container vc_col-sm-3\"><div class=\"vc_column-inner\"><div class=\"wpb_wrapper\">\n\t<div class=\"wpb_text_column wpb_content_element \" >\n\t\t<div class=\"wpb_wrapper\">\n\t\t\t<p style=\"text-align: center;\"><strong>13:55 &#8211; 14:45<\/strong><\/p>\n\n\t\t<\/div>\n\t<\/div>\n<\/div><\/div><\/div><div class=\"wpb_column vc_column_container vc_col-sm-9\"><div class=\"vc_column-inner\"><div class=\"wpb_wrapper\">\n\t<div class=\"wpb_text_column wpb_content_element \" >\n\t\t<div class=\"wpb_wrapper\">\n\t\t\t<p><strong>DEBATA &#8211; CZEGO MO\u017bE NAUCZY\u0106 SI\u0118 BIZNES OD ADMINISTRACJI I ADMINISTRACJA OD BIZNESU W ZAKRESIE OBS\u0141UGI KLIENTA<\/strong><\/p>\n<p>&nbsp;<\/p>\n<p><em><strong>prowadz\u0105cy:<\/strong><br \/>\n&#8211; <strong>Jacek Barankiewicz<\/strong>, Cz\u0142onek Zarz\u0105du, Polskie Stowarzyszenie Marketingu SMB<\/em><\/p>\n<p><strong>paneli\u015bci:<\/strong><br \/>\n<em>&#8211; <strong>Anna Karwacka<\/strong>, Dyrektor Merytoryczny, CCTRAINING Szkolenia &amp; Doradztwo Sp. J.,<br \/>\n<\/em><em>&#8211; <strong>Ma\u0142gorzata Markowska<\/strong>, Dyrektor Wydzia\u0142u Zarz\u0105dzania Kontaktami z Mieszka\u0144cami, Departament Obslugi i Administracji, Urz\u0105d Miasta \u0141odzi<br \/>\n<\/em><em>&#8211; <strong>Konrad Zawadzki<\/strong>, Dyrektor Biura POZnan*KONTAKT, Urz\u0105d Miasta Poznania<br \/>\n&#8211; <strong>Kamila Krawczyk-Strawi\u0144ska<\/strong>, Prezes call center E-MCC<br \/>\n<\/em><\/p>\n\n\t\t<\/div>\n\t<\/div>\n<\/div><\/div><\/div><\/div><div class=\"vc_separator wpb_content_element vc_separator_align_center vc_sep_width_90 vc_sep_dashed vc_sep_pos_align_center vc_separator_no_text vc_sep_color_grey\" ><span class=\"vc_sep_holder vc_sep_holder_l\"><span  class=\"vc_sep_line\"><\/span><\/span><span class=\"vc_sep_holder vc_sep_holder_r\"><span  class=\"vc_sep_line\"><\/span><\/span>\n<\/div><div class=\"vc_row wpb_row vc_inner vc_row-fluid\"><div class=\"wpb_column vc_column_container vc_col-sm-3\"><div class=\"vc_column-inner\"><div class=\"wpb_wrapper\">\n\t<div class=\"wpb_text_column wpb_content_element \" >\n\t\t<div class=\"wpb_wrapper\">\n\t\t\t<p style=\"text-align: center;\"><strong>14:45 &#8211; 16:25<\/strong><\/p>\n\n\t\t<\/div>\n\t<\/div>\n<\/div><\/div><\/div><div class=\"wpb_column vc_column_container vc_col-sm-9\"><div class=\"vc_column-inner\"><div class=\"wpb_wrapper\">\n\t<div class=\"wpb_text_column wpb_content_element \" >\n\t\t<div class=\"wpb_wrapper\">\n\t\t\t<p><b>ROUND TABLES<br \/>\n<\/b><\/p>\n<p>Round tables to spotkania praktyk\u00f3w i ekspert\u00f3w przy okr\u0105g\u0142ych sto\u0142ach. Bardziej kameralne spotkania, szczere rozmowy i odpowiedzi na konkretne pytania.<\/p>\n<p>Spotkanie sk\u0142ada si\u0119 z dw\u00f3ch rund po 50 minut ka\u017cda. Uczestnicy wybieraj\u0105 interesuj\u0105ce ich tematy podczas pierwszego i drugiego dnia spotkania do godz. 12:00.<\/p>\n\n\t\t<\/div>\n\t<\/div>\n\n\t<div class=\"wpb_text_column wpb_content_element \" >\n\t\t<div class=\"wpb_wrapper\">\n\t\t\t<p><strong>RUNDA I<\/strong><\/p>\n<ol>\n<li><em>Jak podnie\u015b\u0107 efektywno\u015b\u0107 procesow\u0105 contact center stosuj\u0105c mix bot\u00f3w i konsultant\u00f3w<\/em><\/li>\n<li><em><span lang=\"EN-US\">Co to jest i czy warto &nbsp;wdra\u017ca\u0107 Customer Experience Managemet? <\/span>Jak zrobi\u0107 to efektywnie?<\/em><\/li>\n<li><em>Czatboty wspieraj\u0105ce konsultant\u00f3w<\/em><\/li>\n<li><em>Obs\u0142uga klient\u00f3w w social media na przyk\u0142adzie wsp\u00f3\u0142pracy MissingLink i TVN Player<\/em><\/li>\n<li><em>Jak zarz\u0105dza\u0107 skutecznie i jak motywowa\u0107 pracownik\u00f3w, czyli o wyzwaniach szef\u00f3w zespo\u0142\u00f3w cc<\/em><\/li>\n<li>Empatia w obs\u0142udze klienta &#8211; jak Design Thinking pozwala zrozumie\u0107 g\u0142os klienta?<\/li>\n<\/ol>\n<p><strong>RUNDA II<\/strong><\/p>\n<ol>\n<li><em>Jak podnie\u015b\u0107 efektywno\u015b\u0107 procesow\u0105 contact center stosuj\u0105c mix bot\u00f3w i konsultant\u00f3w<\/em><\/li>\n<li><em>Czatboty wspieraj\u0105ce konsultant\u00f3w<\/em><\/li>\n<li><em>Czy &nbsp;Employee Experience to nowy buzzword, czy co\u015b wi\u0119cej oraz co ma wsp\u00f3lnego z Customer Experience?<\/em><\/li>\n<li><em>Cold Calling 2.0 &#8211; podnie\u015b efekty sprzeda\u017cy w procesach B2B<br \/>\n<\/em><\/li>\n<li><em>Jak zarz\u0105dza\u0107 skutecznie i jak motywowa\u0107 pracownik\u00f3w, czyli o wyzwaniach szef\u00f3w zespo\u0142\u00f3w cc<\/em><\/li>\n<li>Empatia w obs\u0142udze klienta &#8211; jak Design Thinking pozwala zrozumie\u0107 g\u0142os klienta?<\/li>\n<\/ol>\n\n\t\t<\/div>\n\t<\/div>\n<\/div><\/div><\/div><\/div><div class=\"vc_separator wpb_content_element vc_separator_align_center vc_sep_width_90 vc_sep_dashed vc_sep_pos_align_center vc_separator_no_text vc_sep_color_grey\" ><span class=\"vc_sep_holder vc_sep_holder_l\"><span  class=\"vc_sep_line\"><\/span><\/span><span class=\"vc_sep_holder vc_sep_holder_r\"><span  class=\"vc_sep_line\"><\/span><\/span>\n<\/div><div class=\"vc_row wpb_row vc_inner vc_row-fluid\"><div class=\"wpb_column vc_column_container vc_col-sm-3\"><div class=\"vc_column-inner\"><div class=\"wpb_wrapper\">\n\t<div class=\"wpb_text_column wpb_content_element \" >\n\t\t<div class=\"wpb_wrapper\">\n\t\t\t<p style=\"text-align: center;\"><strong>16:25 &#8211; 16:30<\/strong><\/p>\n\n\t\t<\/div>\n\t<\/div>\n<\/div><\/div><\/div><div class=\"wpb_column vc_column_container vc_col-sm-9\"><div class=\"vc_column-inner\"><div class=\"wpb_wrapper\">\n\t<div class=\"wpb_text_column wpb_content_element \" >\n\t\t<div class=\"wpb_wrapper\">\n\t\t\t<p><b>PODSUMOWANIE I ZAKO\u0143CZENIE FESTIVALU<\/b><\/p>\n<p><em>&#8211; Karol Bancerz, CEO Belocal Polska, wydawca CCNEWS.pl<\/em><br \/>\n<em>&#8211; Przemys\u0142aw Gamdzyk, CEO Evention<\/em><br \/>\n<em>&#8211; Aleksander Hakobyan, BDM M.B.M. Poland<\/em><\/p>\n\n\t\t<\/div>\n\t<\/div>\n<\/div><\/div><\/div><\/div><div class=\"vc_separator wpb_content_element vc_separator_align_center vc_sep_width_90 vc_sep_double vc_sep_pos_align_center vc_separator_no_text vc_sep_color_grey\" ><span class=\"vc_sep_holder vc_sep_holder_l\"><span  class=\"vc_sep_line\"><\/span><\/span><span class=\"vc_sep_holder vc_sep_holder_r\"><span  class=\"vc_sep_line\"><\/span><\/span>\n<\/div><div class=\"vc_row wpb_row vc_inner vc_row-fluid\"><div class=\"wpb_column vc_column_container vc_col-sm-12\"><div class=\"vc_column-inner\"><div class=\"wpb_wrapper\"><h1 style=\"text-align: left\" class=\"vc_custom_heading\" >Meet-up - 29.05.2019<\/h1>\n\t<div class=\"wpb_text_column wpb_content_element \" >\n\t\t<div class=\"wpb_wrapper\">\n\t\t\t<p><em>Miejsce spotka\u0144: Golden Floor Centrum, ul. Sienna 39 (spacerem oko\u0142o 4 min od Hotelu Marriott, po drugiej stronie CH Z\u0142ote Tarasy)<\/em><\/p>\n\n\t\t<\/div>\n\t<\/div>\n<\/div><\/div><\/div><\/div><div class=\"vc_row wpb_row vc_inner vc_row-fluid\"><div class=\"wpb_column vc_column_container vc_col-sm-3\"><div class=\"vc_column-inner\"><div class=\"wpb_wrapper\">\n\t<div  class=\"wpb_single_image wpb_content_element vc_align_center\">\n\t\t\n\t\t<figure class=\"wpb_wrapper vc_figure\">\n\t\t\t<a href=\"https:\/\/www.festivalcc.pl\/warsztaty\/meet-up-service-design-w-praktyce\" target=\"_self\" class=\"vc_single_image-wrapper   vc_box_border_grey\"><img width=\"960\" height=\"628\" src=\"https:\/\/www.festivalcc.pl\/2019\/wp-content\/uploads\/2019\/03\/mettup_servidedesing-1024x670.jpg\" class=\"vc_single_image-img attachment-large\" alt=\"\" loading=\"lazy\" srcset=\"https:\/\/www.festivalcc.pl\/2019\/wp-content\/uploads\/2019\/03\/mettup_servidedesing-1024x670.jpg 1024w, https:\/\/www.festivalcc.pl\/2019\/wp-content\/uploads\/2019\/03\/mettup_servidedesing-300x196.jpg 300w, https:\/\/www.festivalcc.pl\/2019\/wp-content\/uploads\/2019\/03\/mettup_servidedesing-768x502.jpg 768w, https:\/\/www.festivalcc.pl\/2019\/wp-content\/uploads\/2019\/03\/mettup_servidedesing.jpg 1300w\" sizes=\"(max-width: 960px) 100vw, 960px\" \/><\/a>\n\t\t<\/figure>\n\t<\/div>\n<\/div><\/div><\/div><div class=\"wpb_column vc_column_container vc_col-sm-6\"><div class=\"vc_column-inner\"><div class=\"wpb_wrapper\">\n\t<div class=\"wpb_text_column wpb_content_element \" >\n\t\t<div class=\"wpb_wrapper\">\n\t\t\t<p>Spotkanie zaprojektowane jako Meet-Up. Sk\u0142ada si\u0119 z kilku prezentacji praktyk\u00f3w tematu oraz \u017cywio\u0142owej dyskusji i wymiany zda\u0144. Spotkanie ma charakter kameralny sprzyjaj\u0105cy wymianie informacji i praktyk rynkowych mog\u0105cy mie\u0107 wp\u0142yw na realizacj\u0119 projekt\u00f3w uczestnik\u00f3w.<\/p>\n<ul>\n<li><strong>Sprawd\u017a dla kogo projektujesz. Dostosowywanie rozwi\u0105za\u0144 obs\u0142ugowych do r\u00f3\u017cnych odbiorc\u00f3w w Allianz Polska<\/strong> <em>\u2013 Edyta Serowik, Sylwia Filipiak \u2013 Pastusiak<\/em><em>\u2013 Allianz Polska<\/em><\/li>\n<li><strong>Zanim zrobisz wielkie wdro\u017cenie\u2026 Zbuduj to! Czyli prototypowanie w DT<\/strong> \u2013 <em>Aleksandra Moszczy\u0144ska, Marta W\u00f3jcik \u2013 mBank<\/em><\/li>\n<li><strong>Zr\u00f3bmy to! \u2013 jak budujemy skuteczne zespo\u0142y w Design Thinking i co dostajemy w zamian?<\/strong> \u2013 <em>Krzysztof Patura, Mateusz Zybert \u2013 mBank<\/em><\/li>\n<li><strong>EMPATIA NAS PROWADZI. Jak wykorzystujemy podej\u015bcie Service Design do tworzenia efektywnych program\u00f3w szkoleniowych na przyk\u0142adzie firm w bran\u017cy retail i nie tylko?<\/strong> &nbsp;\u2013 <em>Marta Bry\u0142a-Gozdyra \u2013 EVERBE<\/em><\/li>\n<\/ul>\n\n\t\t<\/div>\n\t<\/div>\n\n\t<div class=\"wpb_text_column wpb_content_element \" >\n\t\t<div class=\"wpb_wrapper\">\n\t\t\t<p><strong>data:<\/strong> <em>29.05.2019<\/em><br \/>\n<strong>miejsce: &nbsp;<\/strong><em>Warszawa<\/em><\/p>\n\n\t\t<\/div>\n\t<\/div>\n<\/div><\/div><\/div><div class=\"wpb_column vc_column_container vc_col-sm-3\"><div class=\"vc_column-inner\"><div class=\"wpb_wrapper\">\n\t<div class=\"wpb_text_column wpb_content_element \" >\n\t\t<div class=\"wpb_wrapper\">\n\t\t\t<p style=\"text-align: center;\"><strong>795 z\u0142<\/strong> (977,85 z\u0142 z VAT)<\/p>\n\n\t\t<\/div>\n\t<\/div>\n<style type=\"text\/css\">.vc_btn3-style-gradient.vc_btn-gradient-btn-69ef8a105add6:hover{color: #fff;background-color: #4cadc9;border: none;background-position: 100% 0;}<\/style><style type=\"text\/css\">.vc_btn3-style-gradient.vc_btn-gradient-btn-69ef8a105add6{color: #fff;border: none;background-color: #00c1cf;background-image: -webkit-linear-gradient(left, #00c1cf 0%, #4cadc9 50%,#00c1cf 100%);background-image: linear-gradient(to right, #00c1cf 0%, #4cadc9 50%,#00c1cf 100%);-webkit-transition: all .2s ease-in-out;transition: all .2s ease-in-out;background-size: 200% 100%;}<\/style><div class=\"vc_btn3-container vc_btn3-center vc_custom_1552758450934\" >\n\t<a data-vc-gradient-1=\"#00c1cf\" data-vc-gradient-2=\"#4cadc9\" class=\"vc_general vc_btn3 vc_btn3-size-md vc_btn3-shape-rounded vc_btn3-style-gradient vc_btn3-block vc_btn-gradient-btn-69ef8a105add6\" href=\"http:\/\/www.festivalcc.pl\/warsztaty\/meet-up-service-design-w-praktyce\" title=\"\" rel=\"nofollow\">WE\u0179 UDZIA\u0141<\/a><\/div>\n<\/div><\/div><\/div><\/div><div class=\"vc_separator wpb_content_element vc_separator_align_center vc_sep_width_90 vc_sep_double vc_sep_pos_align_center vc_separator_no_text vc_sep_color_grey\" ><span class=\"vc_sep_holder vc_sep_holder_l\"><span  class=\"vc_sep_line\"><\/span><\/span><span class=\"vc_sep_holder vc_sep_holder_r\"><span  class=\"vc_sep_line\"><\/span><\/span>\n<\/div><div class=\"vc_row wpb_row vc_inner vc_row-fluid\"><div class=\"wpb_column vc_column_container vc_col-sm-3\"><div class=\"vc_column-inner\"><div class=\"wpb_wrapper\">\n\t<div  class=\"wpb_single_image wpb_content_element vc_align_left\">\n\t\t\n\t\t<figure class=\"wpb_wrapper vc_figure\">\n\t\t\t<a href=\"https:\/\/www.festivalcc.pl\/warsztaty\/meet-up-jakosc-w-procesie-windykacyjnym\" target=\"_self\" class=\"vc_single_image-wrapper   vc_box_border_grey\"><img width=\"960\" height=\"628\" src=\"https:\/\/www.festivalcc.pl\/2019\/wp-content\/uploads\/2019\/03\/mettup_windykacja-1024x670.jpg\" class=\"vc_single_image-img attachment-large\" alt=\"\" loading=\"lazy\" srcset=\"https:\/\/www.festivalcc.pl\/2019\/wp-content\/uploads\/2019\/03\/mettup_windykacja-1024x670.jpg 1024w, https:\/\/www.festivalcc.pl\/2019\/wp-content\/uploads\/2019\/03\/mettup_windykacja-300x196.jpg 300w, https:\/\/www.festivalcc.pl\/2019\/wp-content\/uploads\/2019\/03\/mettup_windykacja-768x502.jpg 768w, https:\/\/www.festivalcc.pl\/2019\/wp-content\/uploads\/2019\/03\/mettup_windykacja.jpg 1300w\" sizes=\"(max-width: 960px) 100vw, 960px\" \/><\/a>\n\t\t<\/figure>\n\t<\/div>\n<\/div><\/div><\/div><div class=\"wpb_column vc_column_container vc_col-sm-6\"><div class=\"vc_column-inner\"><div class=\"wpb_wrapper\">\n\t<div class=\"wpb_text_column wpb_content_element \" >\n\t\t<div class=\"wpb_wrapper\">\n\t\t\t<p>Spotkanie zaprojektowane jako Meet-Up. Sk\u0142ada si\u0119 z kilku prezentacji praktyk\u00f3w tematu oraz \u017cywio\u0142owej dyskusji i wymiany zda\u0144. Spotkanie ma charakter kameralny sprzyjaj\u0105cy wymianie informacji i praktyk rynkowych mog\u0105cy mie\u0107 wp\u0142yw na realizacj\u0119 projekt\u00f3w uczestnik\u00f3w.<\/p>\n<ul>\n<li><strong>Inicjatywy sprzyjaj\u0105ce podnoszeniu jako\u015bci rozm\u00f3w w windykacji telefonicznej<\/strong> \u2013<em> Karolina Kuzmicz, Magdalena Wyrostkiewicz \u2013 Vivus Finance<\/em><\/li>\n<li><strong>IMPRO Lider. Czy improwizacja&nbsp;sprawdza si\u0119 w zarz\u0105dzaniu zespo\u0142em?<\/strong> \u2013 <em>Dorota Kotik-Biergiel \u2013 Intrum<\/em><\/li>\n<li><strong>Model procesu windykacji polubownej, a jako\u015b\u0107 obs\u0142ugi klienta \u2013 case study mBank<\/strong> &nbsp;\u2013&nbsp;<em>Bartosz Musia\u0142owicz, Agnieszka Stelmachowska \u2013 mBank<\/em><\/li>\n<li><strong>Jak zarz\u0105dza\u0107 jako\u015bci\u0105 w procesie windykacji<\/strong> \u2013<em> Agnieszka Jarmo\u0142owicz \u2013 Intrum<\/em><\/li>\n<\/ul>\n\n\t\t<\/div>\n\t<\/div>\n\n\t<div class=\"wpb_text_column wpb_content_element \" >\n\t\t<div class=\"wpb_wrapper\">\n\t\t\t<p><strong>data:<\/strong> <em>29.05.2019<\/em><br \/>\n<strong>miejsce: &nbsp;<\/strong><em>Warszawa<\/em><\/p>\n\n\t\t<\/div>\n\t<\/div>\n<\/div><\/div><\/div><div class=\"wpb_column vc_column_container vc_col-sm-3\"><div class=\"vc_column-inner\"><div class=\"wpb_wrapper\">\n\t<div class=\"wpb_text_column wpb_content_element \" >\n\t\t<div class=\"wpb_wrapper\">\n\t\t\t<p style=\"text-align: center;\"><strong>795 z\u0142<\/strong> (977,85 z\u0142 z VAT)<\/p>\n\n\t\t<\/div>\n\t<\/div>\n<style type=\"text\/css\">.vc_btn3-style-gradient.vc_btn-gradient-btn-69ef8a105c5b6:hover{color: #fff;background-color: #4cadc9;border: none;background-position: 100% 0;}<\/style><style type=\"text\/css\">.vc_btn3-style-gradient.vc_btn-gradient-btn-69ef8a105c5b6{color: #fff;border: none;background-color: #00c1cf;background-image: -webkit-linear-gradient(left, #00c1cf 0%, #4cadc9 50%,#00c1cf 100%);background-image: linear-gradient(to right, #00c1cf 0%, #4cadc9 50%,#00c1cf 100%);-webkit-transition: all .2s ease-in-out;transition: all .2s ease-in-out;background-size: 200% 100%;}<\/style><div class=\"vc_btn3-container vc_btn3-center vc_custom_1552758456806\" >\n\t<a data-vc-gradient-1=\"#00c1cf\" data-vc-gradient-2=\"#4cadc9\" class=\"vc_general vc_btn3 vc_btn3-size-md vc_btn3-shape-rounded vc_btn3-style-gradient vc_btn3-block vc_btn-gradient-btn-69ef8a105c5b6\" href=\"http:\/\/www.festivalcc.pl\/warsztaty\/meet-up-jakosc-w-procesie-windykacyjnym\" title=\"\" rel=\"nofollow\">WE\u0179 UDZIA\u0141<\/a><\/div>\n<\/div><\/div><\/div><\/div><\/div><\/div><\/div><\/div><div class=\"vc_row wpb_row vc_row-fluid\"><div class=\"wpb_column vc_column_container vc_col-sm-12\"><div class=\"vc_column-inner\"><div class=\"wpb_wrapper\"><section class=\"vc_cta3-container\" >\n\t<div class=\"vc_general vc_cta3 vc_cta3-style-classic vc_cta3-shape-rounded vc_cta3-align-left vc_cta3-color-classic vc_cta3-icon-size-md vc_cta3-actions-right\">\n\t\t\t\t\t\t<div class=\"vc_cta3_content-container\">\n\t\t\t\t\t\t\t\t\t<div class=\"vc_cta3-content\">\n\t\t\t\t<header class=\"vc_cta3-content-header\">\n\t\t\t\t\t<h2 style=\"font-size: 25px;font-family:Roboto;font-weight:400;font-style:normal\" class=\"vc_custom_heading\" >We\u017a udzia\u0142 w Customer Care Festival 2019!<\/h2>\t\t\t\t\t<h4 style=\"font-size: 17px;font-family:Roboto;font-weight:400;font-style:normal\" class=\"vc_custom_heading\" >Zosta\u0144 uczestnikiem najwi\u0119kszego \u015bwi\u0119ta customer care w Polsce!<\/h4>\t\t\t\t<\/header>\n\t\t\t\t<p>Customer Care Festival to najwi\u0119ksze wydarzenie dedykowane calej bran\u017cy customer care! Poza prezentacjami &#8211; w a\u017c dw\u00f3ch \u015bcie\u017ckach tematycznych &#8211; przewidzieli\u015bmy prawdziwy networking.<\/p>\n<p>Z wydarzenia wr\u00f3cisz &nbsp;z wi\u0119ksz\u0105 ilo\u015bci\u0105 nowych kontakt\u00f3w, na\u0142adowanymi bateriami i g\u0142ow\u0105 pe\u0142n\u0105 pomys\u0142\u00f3w!<\/p>\n\t\t\t<\/div>\n\t\t\t\t\t\t<div class=\"vc_cta3-actions\"><style type=\"text\/css\">.vc_btn3-style-gradient.vc_btn-gradient-btn-69ef8a105e411:hover{color: #fff;background-color: #5472d2;border: none;background-position: 100% 0;}<\/style><style type=\"text\/css\">.vc_btn3-style-gradient.vc_btn-gradient-btn-69ef8a105e411{color: #fff;border: none;background-color: #00c1cf;background-image: -webkit-linear-gradient(left, #00c1cf 0%, #5472d2 50%,#00c1cf 100%);background-image: linear-gradient(to right, #00c1cf 0%, #5472d2 50%,#00c1cf 100%);-webkit-transition: all .2s ease-in-out;transition: all .2s ease-in-out;background-size: 200% 100%;}<\/style><div class=\"vc_btn3-container vc_btn3-inline\" >\n\t<a data-vc-gradient-1=\"#00c1cf\" data-vc-gradient-2=\"#5472d2\" class=\"vc_general vc_btn3 vc_btn3-size-md vc_btn3-shape-rounded vc_btn3-style-gradient vc_btn-gradient-btn-69ef8a105e411\" href=\"https:\/\/www.festivalcc.pl\/rejestracja\" title=\"We\u017a udzia\u0142\">ZAREJESTRUJ SI\u0118 BEZP\u0141ATNIE<\/a><\/div>\n<\/div>\t\t<\/div>\n\t\t\t\t\t<\/div>\n<\/section>\n\n<\/div><\/div><\/div><\/div>\n","protected":false},"excerpt":{"rendered":"27 maja 2019 - dzie\u0144 pierwszy 09:00 - 09:50 Rejestracja uczestnik\u00f3w i poranna kawa 09:50 - 10:00 ROZPOCZ\u0118CIE I DNIA FESTIWALOWEGO - Karol Bancerz,&nbsp; CEO Belocal Polska - Przemys\u0142aw Gamdzyk, CEO Evention - Aleksander Hakobyan, M.B.M. Poland 10:00 - 10:20 TRENDY W CX - MODA CZY KONIECZNO\u015a\u0106&nbsp; Wyzwania dzisiejszej rzeczywisto\u015bci, era dygitalizacji; sztuczna inteligencja czy [...]","protected":false},"author":1,"featured_media":0,"parent":0,"menu_order":0,"comment_status":"closed","ping_status":"closed","template":"","meta":{"ngg_post_thumbnail":0},"_links":{"self":[{"href":"https:\/\/www.festivalcc.pl\/2019\/wp-json\/wp\/v2\/pages\/947"}],"collection":[{"href":"https:\/\/www.festivalcc.pl\/2019\/wp-json\/wp\/v2\/pages"}],"about":[{"href":"https:\/\/www.festivalcc.pl\/2019\/wp-json\/wp\/v2\/types\/page"}],"author":[{"embeddable":true,"href":"https:\/\/www.festivalcc.pl\/2019\/wp-json\/wp\/v2\/users\/1"}],"replies":[{"embeddable":true,"href":"https:\/\/www.festivalcc.pl\/2019\/wp-json\/wp\/v2\/comments?post=947"}],"version-history":[{"count":138,"href":"https:\/\/www.festivalcc.pl\/2019\/wp-json\/wp\/v2\/pages\/947\/revisions"}],"predecessor-version":[{"id":2410,"href":"https:\/\/www.festivalcc.pl\/2019\/wp-json\/wp\/v2\/pages\/947\/revisions\/2410"}],"wp:attachment":[{"href":"https:\/\/www.festivalcc.pl\/2019\/wp-json\/wp\/v2\/media?parent=947"}],"curies":[{"name":"wp","href":"https:\/\/api.w.org\/{rel}","templated":true}]}}